{"id":1717,"date":"2026-02-19T10:54:32","date_gmt":"2026-02-19T10:54:32","guid":{"rendered":"https:\/\/stayinbcn.com\/?page_id=1717"},"modified":"2026-02-28T20:56:51","modified_gmt":"2026-02-28T19:56:51","slug":"visites-a-proximite-lors-de-la-visite-de-barcelone","status":"publish","type":"page","link":"https:\/\/stayinbcn.com\/fr\/visitas-cercanas-al-visitar-barcelona\/","title":{"rendered":"Visites \u00e0 proximit\u00e9"},"content":{"rendered":"<div data-elementor-type=\"wp-page\" data-elementor-id=\"1717\" class=\"elementor elementor-1717\">\n\t\t\t\t<div class=\"elementor-element elementor-element-bb5ed2c e-flex e-con-boxed e-con e-parent\" data-id=\"bb5ed2c\" data-element_type=\"container\" data-e-type=\"container\">\n\t\t\t\t\t<div class=\"e-con-inner\">\n\t\t\t\t<div class=\"elementor-element elementor-element-70ba54c elementor-widget elementor-widget-text-editor\" data-id=\"70ba54c\" data-element_type=\"widget\" data-e-type=\"widget\" data-widget_type=\"text-editor.default\">\n\t\t\t\t<div class=\"elementor-widget-container\">\n\t\t\t\t\t\t\t\t\t<h3 data-path-to-node=\"2\"><span style=\"text-decoration: underline;\">La Sagrada Fam\u00edlia : le r\u00eave \u00e9ternel de Gaud\u00ed<\/span><\/h3><p data-path-to-node=\"3\">Visiter Barcelone et ne pas voir la <b data-path-to-node=\"3\" data-index-in-node=\"30\">Sainte Famille<\/b> c'est comme lire un livre auquel il manquerait le chapitre le plus important. Ce chef-d'\u0153uvre de <b data-path-to-node=\"3\" data-index-in-node=\"133\">Antoni Gaud\u00ed<\/b>, Toujours en construction apr\u00e8s plus d'un si\u00e8cle, ce n'est pas seulement une basilique, c'est une for\u00eat de pierres o\u00f9 l'architecture et la nature se confondent dans une \u00e9treinte \u00e9ternelle.<\/p><h3 data-path-to-node=\"4\">Pourquoi faut-il absolument le voir ?<\/h3><ul data-path-to-node=\"5\"><li><p data-path-to-node=\"5,0,0\"><b data-path-to-node=\"5,0,0\" data-index-in-node=\"0\">Architecture organique :<\/b> Oubliez les lignes droites. Gaud\u00ed s'est inspir\u00e9 des arbres et du squelette humain pour cr\u00e9er des colonnes qui semblent prendre vie.<\/p><\/li><li><p data-path-to-node=\"5,1,0\"><b data-path-to-node=\"5,1,0\" data-index-in-node=\"0\">Un jeu de lumi\u00e8res :<\/b> D\u00e8s l'entr\u00e9e, les vitraux baignent l'int\u00e9rieur dans une explosion de couleurs qui changent selon l'heure de la journ\u00e9e, cr\u00e9ant une atmosph\u00e8re presque magique.<\/p><\/li><li><p data-path-to-node=\"5,2,0\"><b data-path-to-node=\"5,2,0\" data-index-in-node=\"0\">Du symbolisme dans tous les coins :<\/b> De la fa\u00e7ade de la Nativit\u00e9 \u00e0 celle de la Passion, chaque d\u00e9tail raconte une histoire de foi, d'art et de r\u00e9ussite technique.<\/p><\/li><\/ul><p data-path-to-node=\"7\">\u00a0<\/p>\t\t\t\t\t\t\t\t<\/div>\n\t\t\t\t<\/div>\n\t\t\t\t<div class=\"elementor-element elementor-element-65dbb3a elementor-widget elementor-widget-text-editor\" data-id=\"65dbb3a\" data-element_type=\"widget\" data-e-type=\"widget\" data-widget_type=\"text-editor.default\">\n\t\t\t\t<div class=\"elementor-widget-container\">\n\t\t\t\t\t\t\t\t\t<p>Lorsque vous d\u00e9cidez de visiter Barcelone, vous devez bien planifier vos journ\u00e9es afin d'explorer tous ses coins magiques.<\/p>\t\t\t\t\t\t\t\t<\/div>\n\t\t\t\t<\/div>\n\t\t\t\t\t<\/div>\n\t\t\t\t<\/div>\n\t\t<div class=\"elementor-element elementor-element-9224f28 e-flex e-con-boxed e-con e-parent\" data-id=\"9224f28\" data-element_type=\"container\" data-e-type=\"container\">\n\t\t\t\t\t<div class=\"e-con-inner\">\n\t\t\t\t<div class=\"elementor-element elementor-element-692df68 elementor-widget elementor-widget-image\" data-id=\"692df68\" data-element_type=\"widget\" data-e-type=\"widget\" data-widget_type=\"image.default\">\n\t\t\t\t<div class=\"elementor-widget-container\">\n\t\t\t\t\t\t\t\t\t\t\t\t\t\t\t<img fetchpriority=\"high\" decoding=\"async\" width=\"780\" height=\"523\" src=\"https:\/\/stayinbcn.com\/wp-content\/uploads\/2026\/02\/SagradaFamilia.avif\" class=\"attachment-large size-large wp-image-2243\" alt=\"Sainte Famille\" srcset=\"https:\/\/stayinbcn.com\/wp-content\/uploads\/2026\/02\/SagradaFamilia.avif 902w, https:\/\/stayinbcn.com\/wp-content\/uploads\/2026\/02\/SagradaFamilia-300x201.avif 300w, https:\/\/stayinbcn.com\/wp-content\/uploads\/2026\/02\/SagradaFamilia-768x515.avif 768w, https:\/\/stayinbcn.com\/wp-content\/uploads\/2026\/02\/SagradaFamilia-18x12.avif 18w, https:\/\/stayinbcn.com\/wp-content\/uploads\/2026\/02\/SagradaFamilia-447x300.avif 447w\" sizes=\"(max-width: 780px) 100vw, 780px\" \/>\t\t\t\t\t\t\t\t\t\t\t\t\t\t\t<\/div>\n\t\t\t\t<\/div>\n\t\t\t\t\t<\/div>\n\t\t\t\t<\/div>\n\t\t<div class=\"elementor-element elementor-element-3eb3f5b e-flex e-con-boxed e-con e-parent\" data-id=\"3eb3f5b\" data-element_type=\"container\" data-e-type=\"container\">\n\t\t\t\t\t<div class=\"e-con-inner\">\n\t\t\t\t<div class=\"elementor-element elementor-element-948dac9 elementor-widget-divider--view-line elementor-widget elementor-widget-divider\" data-id=\"948dac9\" data-element_type=\"widget\" data-e-type=\"widget\" data-widget_type=\"divider.default\">\n\t\t\t\t<div class=\"elementor-widget-container\">\n\t\t\t\t\t\t\t<div class=\"elementor-divider\">\n\t\t\t<span class=\"elementor-divider-separator\">\n\t\t\t\t\t\t<\/span>\n\t\t<\/div>\n\t\t\t\t\t\t<\/div>\n\t\t\t\t<\/div>\n\t\t\t\t\t<\/div>\n\t\t\t\t<\/div>\n\t\t<div class=\"elementor-element elementor-element-7801914 e-flex e-con-boxed e-con e-parent\" data-id=\"7801914\" data-element_type=\"container\" data-e-type=\"container\">\n\t\t\t\t\t<div class=\"e-con-inner\">\n\t\t\t\t<div class=\"elementor-element elementor-element-4209e04 elementor-widget elementor-widget-text-editor\" data-id=\"4209e04\" data-element_type=\"widget\" data-e-type=\"widget\" data-widget_type=\"text-editor.default\">\n\t\t\t\t<div class=\"elementor-widget-container\">\n\t\t\t\t\t\t\t\t\t<h3 data-path-to-node=\"2\">La Pedrera : le c\u0153ur de pierre de Barcelone<\/h3><p data-path-to-node=\"3\">Officiellement connu sous le nom de <b data-path-to-node=\"3\" data-index-in-node=\"27\">Casa Mil\u00e0<\/b>, mais affectueusement surnomm\u00e9 <b data-path-to-node=\"3\" data-index-in-node=\"65\">\u201cLa Pedrera\u201d<\/b> Ce joyau du Passeig de Gr\u00e0cia est l'aboutissement du g\u00e9nie d'Antoni Gaud\u00ed. Ici, les lignes droites n'existent pas et l'imagination n'a pas de limites.<\/p><h3 data-path-to-node=\"4\">Qu'est-ce qui le rend si sp\u00e9cial ?<\/h3><ul data-path-to-node=\"5\"><li><p data-path-to-node=\"5,0,0\"><b data-path-to-node=\"5,0,0\" data-index-in-node=\"0\">Une fa\u00e7ade en mouvement :<\/b> Son ext\u00e9rieur en pierre ondul\u00e9e semble couler comme les vagues de la mer, rompant avec la rigidit\u00e9 des b\u00e2timents voisins.<\/p><\/li><li><p data-path-to-node=\"5,1,0\"><b data-path-to-node=\"5,1,0\" data-index-in-node=\"0\">Le toit des Warriors :<\/b> Son toit est probablement le plus c\u00e9l\u00e8bre au monde. Ses chemin\u00e9es ressemblent \u00e0 des gardiens p\u00e9trifi\u00e9s dans un paysage lunaire offrant une vue spectaculaire sur la ville.<\/p><\/li><li><p data-path-to-node=\"5,2,0\"><b data-path-to-node=\"5,2,0\" data-index-in-node=\"0\">Innovation totale :<\/b> Il s'agissait d'un b\u00e2timent r\u00e9volutionnaire pour l'\u00e9poque (1906), avec un garage souterrain et une structure \u00e0 colonnes qui \u00e9liminait le besoin de murs porteurs.<\/p><\/li><\/ul><h3 data-path-to-node=\"6\">Bien plus qu'un mus\u00e9e<\/h3><p data-path-to-node=\"7\">La promenade dans ses cours int\u00e9rieures et la visite de l'appartement d'\u00e9poque vous plongent dans la bourgeoisie barcelonaise du d\u00e9but du XXe si\u00e8cle. La Pedrera n'est pas seulement un b\u00e2timent, c'est une sculpture habitable qui le prouve, pour Gaud\u00ed, <b data-path-to-node=\"7\" data-index-in-node=\"223\">L'architecture \u00e9tait de l'art \u00e0 l'\u00e9tat pur.<\/b><\/p>\t\t\t\t\t\t\t\t<\/div>\n\t\t\t\t<\/div>\n\t\t\t\t<div class=\"elementor-element elementor-element-a1c3d1d elementor-widget elementor-widget-text-editor\" data-id=\"a1c3d1d\" data-element_type=\"widget\" data-e-type=\"widget\" data-widget_type=\"text-editor.default\">\n\t\t\t\t<div class=\"elementor-widget-container\">\n\t\t\t\t\t\t\t\t\t<p>Ceux qui r\u00eavent de visiter Barcelone trouveront ici une destination pleine de charme et de merveilles.<\/p>\t\t\t\t\t\t\t\t<\/div>\n\t\t\t\t<\/div>\n\t\t\t\t<div class=\"elementor-element elementor-element-0e22b75 elementor-widget elementor-widget-text-editor\" data-id=\"0e22b75\" data-element_type=\"widget\" data-e-type=\"widget\" data-widget_type=\"text-editor.default\">\n\t\t\t\t<div class=\"elementor-widget-container\">\n\t\t\t\t\t\t\t\t\t<p>Si vous souhaitez visiter Barcelone, n'oubliez pas d'acheter vos billets \u00e0 l'avance.<\/p>\t\t\t\t\t\t\t\t<\/div>\n\t\t\t\t<\/div>\n\t\t\t\t<div class=\"elementor-element elementor-element-0f27e66 elementor-widget elementor-widget-text-editor\" data-id=\"0f27e66\" data-element_type=\"widget\" data-e-type=\"widget\" data-widget_type=\"text-editor.default\">\n\t\t\t\t<div class=\"elementor-widget-container\">\n\t\t\t\t\t\t\t\t\t<p>Visiter Barcelone est une exp\u00e9rience qui est compl\u00e9t\u00e9e par la riche gastronomie et la culture vibrante de la ville.<\/p>\t\t\t\t\t\t\t\t<\/div>\n\t\t\t\t<\/div>\n\t\t\t\t\t<\/div>\n\t\t\t\t<\/div>\n\t\t<div class=\"elementor-element elementor-element-ccc4209 e-flex e-con-boxed e-con e-parent\" data-id=\"ccc4209\" data-element_type=\"container\" data-e-type=\"container\">\n\t\t\t\t\t<div class=\"e-con-inner\">\n\t\t\t\t<div class=\"elementor-element elementor-element-d3db6bb elementor-widget-divider--view-line elementor-widget elementor-widget-divider\" data-id=\"d3db6bb\" data-element_type=\"widget\" data-e-type=\"widget\" data-widget_type=\"divider.default\">\n\t\t\t\t<div class=\"elementor-widget-container\">\n\t\t\t\t\t\t\t<div class=\"elementor-divider\">\n\t\t\t<span class=\"elementor-divider-separator\">\n\t\t\t\t\t\t<\/span>\n\t\t<\/div>\n\t\t\t\t\t\t<\/div>\n\t\t\t\t<\/div>\n\t\t\t\t\t<\/div>\n\t\t\t\t<\/div>\n\t\t<div class=\"elementor-element elementor-element-ed97f1e e-flex e-con-boxed e-con e-parent\" data-id=\"ed97f1e\" data-element_type=\"container\" data-e-type=\"container\">\n\t\t\t\t\t<div class=\"e-con-inner\">\n\t\t\t\t<div class=\"elementor-element elementor-element-81029eb elementor-widget elementor-widget-image\" data-id=\"81029eb\" data-element_type=\"widget\" data-e-type=\"widget\" data-widget_type=\"image.default\">\n\t\t\t\t<div class=\"elementor-widget-container\">\n\t\t\t\t\t\t\t\t\t\t\t\t\t\t\t<img decoding=\"async\" width=\"780\" height=\"608\" src=\"https:\/\/stayinbcn.com\/wp-content\/uploads\/2026\/02\/Lapedrera.avif\" class=\"attachment-large size-large wp-image-2260\" alt=\"La carri\u00e8re de pierre\" srcset=\"https:\/\/stayinbcn.com\/wp-content\/uploads\/2026\/02\/Lapedrera.avif 905w, https:\/\/stayinbcn.com\/wp-content\/uploads\/2026\/02\/Lapedrera-300x234.avif 300w, https:\/\/stayinbcn.com\/wp-content\/uploads\/2026\/02\/Lapedrera-768x598.avif 768w, https:\/\/stayinbcn.com\/wp-content\/uploads\/2026\/02\/Lapedrera-15x12.avif 15w, https:\/\/stayinbcn.com\/wp-content\/uploads\/2026\/02\/Lapedrera-385x300.avif 385w\" sizes=\"(max-width: 780px) 100vw, 780px\" \/>\t\t\t\t\t\t\t\t\t\t\t\t\t\t\t<\/div>\n\t\t\t\t<\/div>\n\t\t\t\t\t<\/div>\n\t\t\t\t<\/div>\n\t\t<div class=\"elementor-element elementor-element-369b5ad e-flex e-con-boxed e-con e-parent\" data-id=\"369b5ad\" data-element_type=\"container\" data-e-type=\"container\">\n\t\t\t\t\t<div class=\"e-con-inner\">\n\t\t\t\t<div class=\"elementor-element elementor-element-cb25fc0 elementor-widget elementor-widget-text-editor\" data-id=\"cb25fc0\" data-element_type=\"widget\" data-e-type=\"widget\" data-widget_type=\"text-editor.default\">\n\t\t\t\t<div class=\"elementor-widget-container\">\n\t\t\t\t\t\t\t\t\t<h3 data-path-to-node=\"2\"><span style=\"text-decoration: underline;\">Casa Batll\u00f3 : l'\u00e9veil de l'imagination<\/span><\/h3><p data-path-to-node=\"3\">Si La Pedrera est de pierre et de force, la <b data-path-to-node=\"3\" data-index-in-node=\"37\">Casa Batll\u00f3<\/b> est couleur, lumi\u00e8re et pure fantaisie. Situ\u00e9e dans la c\u00e9l\u00e8bre \u201cpomme de la discorde\u201d, cette fa\u00e7ade ne laisse personne indiff\u00e9rent : on la croirait sortie d'un conte de f\u00e9es ou des profondeurs de l'oc\u00e9an.<\/p><h3 data-path-to-node=\"4\">Un voyage dans un monde fantastique<\/h3><ul data-path-to-node=\"5\"><li><p data-path-to-node=\"5,0,0\"><b data-path-to-node=\"5,0,0\" data-index-in-node=\"0\">La l\u00e9gende de Sant Jordi :<\/b> Beaucoup voient sur leur toit l'arri\u00e8re d'un <b data-path-to-node=\"5,0,0\" data-index-in-node=\"64\">dragon<\/b> recouvert d'\u00e9cailles en c\u00e9ramique, o\u00f9 la croix \u00e0 quatre branches repr\u00e9sente l'\u00e9p\u00e9e clou\u00e9e du chevalier.<\/p><\/li><li><p data-path-to-node=\"5,1,0\"><b data-path-to-node=\"5,1,0\" data-index-in-node=\"0\">Architecture osseuse :<\/b> Regardez ses balcons et ses colonnes ; sa forme de masques et d'os lui a valu le nom populaire de <i data-path-to-node=\"5,1,0\" data-index-in-node=\"115\">\u201cla maison des os\u201d<\/i>.<\/p><\/li><li><p data-path-to-node=\"5,2,0\"><b data-path-to-node=\"5,2,0\" data-index-in-node=\"0\">El Patio de Luces Azul :<\/b> Un d\u00e9grad\u00e9 de carreaux bleus qui cherche \u00e0 r\u00e9partir parfaitement la lumi\u00e8re, vous donnant la sensation d'\u00eatre immerg\u00e9 dans une bulle de cristal.<\/p><\/li><\/ul><h3 data-path-to-node=\"6\">Une exp\u00e9rience immersive<\/h3><p data-path-to-node=\"7\">Aujourd'hui, la Casa Batll\u00f3 est c\u00e9l\u00e8bre pour sa combinaison de l'architecture historique avec les technologies les plus avanc\u00e9es (IA et r\u00e9alit\u00e9 augment\u00e9e), transformant la visite en un voyage sensoriel qui relie l'esprit de Gaud\u00ed au XXIe si\u00e8cle.<\/p>\t\t\t\t\t\t\t\t<\/div>\n\t\t\t\t<\/div>\n\t\t\t\t<div class=\"elementor-element elementor-element-92e080e elementor-widget elementor-widget-text-editor\" data-id=\"92e080e\" data-element_type=\"widget\" data-e-type=\"widget\" data-widget_type=\"text-editor.default\">\n\t\t\t\t<div class=\"elementor-widget-container\">\n\t\t\t\t\t\t\t\t\t<p>Lorsque vous d\u00e9ciderez de visiter Barcelone, chaque coin de rue vous racontera une histoire diff\u00e9rente.<\/p>\t\t\t\t\t\t\t\t<\/div>\n\t\t\t\t<\/div>\n\t\t\t\t<div class=\"elementor-element elementor-element-d808d9b elementor-widget elementor-widget-text-editor\" data-id=\"d808d9b\" data-element_type=\"widget\" data-e-type=\"widget\" data-widget_type=\"text-editor.default\">\n\t\t\t\t<div class=\"elementor-widget-container\">\n\t\t\t\t\t\t\t\t\t<p>Il est essentiel de planifier sa visite, car il y a beaucoup de choses \u00e0 voir \u00e0 Barcelone.<\/p>\t\t\t\t\t\t\t\t<\/div>\n\t\t\t\t<\/div>\n\t\t\t\t<div class=\"elementor-element elementor-element-a239b20 elementor-widget elementor-widget-text-editor\" data-id=\"a239b20\" data-element_type=\"widget\" data-e-type=\"widget\" data-widget_type=\"text-editor.default\">\n\t\t\t\t<div class=\"elementor-widget-container\">\n\t\t\t\t\t\t\t\t\t<p>Un conseil pour ceux qui veulent visiter Barcelone : n'oubliez pas d'emporter votre appareil photo pour immortaliser chaque d\u00e9tail.<\/p>\t\t\t\t\t\t\t\t<\/div>\n\t\t\t\t<\/div>\n\t\t\t\t\t<\/div>\n\t\t\t\t<\/div>\n\t\t<div class=\"elementor-element elementor-element-de4e3bf e-flex e-con-boxed e-con e-parent\" data-id=\"de4e3bf\" data-element_type=\"container\" data-e-type=\"container\">\n\t\t\t\t\t<div class=\"e-con-inner\">\n\t\t\t\t<div class=\"elementor-element elementor-element-297f239 elementor-widget elementor-widget-image\" data-id=\"297f239\" data-element_type=\"widget\" data-e-type=\"widget\" data-widget_type=\"image.default\">\n\t\t\t\t<div class=\"elementor-widget-container\">\n\t\t\t\t\t\t\t\t\t\t\t\t\t\t\t<img decoding=\"async\" width=\"780\" height=\"585\" src=\"https:\/\/stayinbcn.com\/wp-content\/uploads\/2026\/02\/Casa-Battlo-with-Lights.avif\" class=\"attachment-large size-large wp-image-2266\" alt=\"Visiter Barcelone\" srcset=\"https:\/\/stayinbcn.com\/wp-content\/uploads\/2026\/02\/Casa-Battlo-with-Lights.avif 800w, https:\/\/stayinbcn.com\/wp-content\/uploads\/2026\/02\/Casa-Battlo-with-Lights-300x225.avif 300w, https:\/\/stayinbcn.com\/wp-content\/uploads\/2026\/02\/Casa-Battlo-with-Lights-768x576.avif 768w, https:\/\/stayinbcn.com\/wp-content\/uploads\/2026\/02\/Casa-Battlo-with-Lights-16x12.avif 16w, https:\/\/stayinbcn.com\/wp-content\/uploads\/2026\/02\/Casa-Battlo-with-Lights-400x300.avif 400w\" sizes=\"(max-width: 780px) 100vw, 780px\" \/>\t\t\t\t\t\t\t\t\t\t\t\t\t\t\t<\/div>\n\t\t\t\t<\/div>\n\t\t\t\t\t<\/div>\n\t\t\t\t<\/div>\n\t\t<div class=\"elementor-element elementor-element-8225a56 e-flex e-con-boxed e-con e-parent\" data-id=\"8225a56\" data-element_type=\"container\" data-e-type=\"container\">\n\t\t\t\t\t<div class=\"e-con-inner\">\n\t\t\t\t<div class=\"elementor-element elementor-element-9073605 elementor-widget-divider--view-line elementor-widget elementor-widget-divider\" data-id=\"9073605\" data-element_type=\"widget\" data-e-type=\"widget\" data-widget_type=\"divider.default\">\n\t\t\t\t<div class=\"elementor-widget-container\">\n\t\t\t\t\t\t\t<div class=\"elementor-divider\">\n\t\t\t<span class=\"elementor-divider-separator\">\n\t\t\t\t\t\t<\/span>\n\t\t<\/div>\n\t\t\t\t\t\t<\/div>\n\t\t\t\t<\/div>\n\t\t\t\t\t<\/div>\n\t\t\t\t<\/div>\n\t\t<div class=\"elementor-element elementor-element-d8eae9e e-flex e-con-boxed e-con e-parent\" data-id=\"d8eae9e\" data-element_type=\"container\" data-e-type=\"container\">\n\t\t\t\t\t<div class=\"e-con-inner\">\n\t\t\t\t<div class=\"elementor-element elementor-element-3ace097 elementor-widget elementor-widget-text-editor\" data-id=\"3ace097\" data-element_type=\"widget\" data-e-type=\"widget\" data-widget_type=\"text-editor.default\">\n\t\t\t\t<div class=\"elementor-widget-container\">\n\t\t\t\t\t\t\t\t\t<h3 data-path-to-node=\"3\">Park G\u00fcell : un balcon sur la M\u00e9diterran\u00e9e<\/h3><p data-path-to-node=\"4\">Ce qui avait commenc\u00e9 comme un projet de d\u00e9veloppement de luxe est devenu le parc le plus embl\u00e9matique de Barcelone. Le parc <b data-path-to-node=\"4\" data-index-in-node=\"121\">Parc G\u00fcell<\/b> est l'endroit o\u00f9 Gaud\u00ed a montr\u00e9 que l'architecture ne doit pas dominer le paysage, mais qu'elle peut danser avec lui.<\/p><h3 data-path-to-node=\"5\">Que voir dans cette oasis moderniste ?<\/h3><ul data-path-to-node=\"6\"><li><p data-path-to-node=\"6,0,0\"><b data-path-to-node=\"6,0,0\" data-index-in-node=\"0\">L'escalier du dragon :<\/b> Vous serez accueillis par la c\u00e9l\u00e8bre salamandre mosa\u00efque (<i data-path-to-node=\"6,0,0\" data-index-in-node=\"71\">trencad\u00eds<\/i>), qui est aujourd'hui le symbole le plus photographi\u00e9 de la ville.<\/p><\/li><li><p data-path-to-node=\"6,1,0\"><b data-path-to-node=\"6,1,0\" data-index-in-node=\"0\">La salle hypostyle :<\/b> Une \u201cfor\u00eat\u201d de 86 colonnes doriques soutient la grande place sup\u00e9rieure, qui devait \u00e0 l'origine \u00eatre la place du march\u00e9 pour le d\u00e9veloppement.<\/p><\/li><li><p data-path-to-node=\"6,2,0\"><b data-path-to-node=\"6,2,0\" data-index-in-node=\"0\">La place de la nature :<\/b> Son banc ondul\u00e9 et color\u00e9 est l'endroit id\u00e9al pour s'asseoir et profiter d'une des meilleures vues panoramiques de Barcelone avec la mer en arri\u00e8re-plan.<\/p><\/li><li><p data-path-to-node=\"6,3,0\"><b data-path-to-node=\"6,3,0\" data-index-in-node=\"0\">Sentiers et viaducs :<\/b> Des sentiers qui semblent jaillir de la montagne, con\u00e7us pour s'int\u00e9grer parfaitement \u00e0 la v\u00e9g\u00e9tation locale.<\/p><\/li><\/ul><h3 data-path-to-node=\"7\">Une explosion de couleurs<\/h3><p data-path-to-node=\"8\">Park G\u00fcell est l'exemple le plus abouti de la technique de l'architecture de la ville. <b data-path-to-node=\"8\" data-index-in-node=\"55\">trencad\u00eds<\/b>L'utilisation de pi\u00e8ces de c\u00e9ramique recycl\u00e9es pour cr\u00e9er des mosa\u00efques vibrantes. C'est une promenade pleine de courbes, de grottes artificielles et de d\u00e9tails qui vous donnent l'impression d'\u00eatre \u00e0 l'int\u00e9rieur d'une illustration du d\u00e9but du XXe si\u00e8cle.<\/p>\t\t\t\t\t\t\t\t<\/div>\n\t\t\t\t<\/div>\n\t\t\t\t<div class=\"elementor-element elementor-element-6f2bc54 elementor-widget elementor-widget-text-editor\" data-id=\"6f2bc54\" data-element_type=\"widget\" data-e-type=\"widget\" data-widget_type=\"text-editor.default\">\n\t\t\t\t<div class=\"elementor-widget-container\">\n\t\t\t\t\t\t\t\t\t<p>Apr\u00e8s avoir visit\u00e9 Barcelone, vous rentrerez chez vous avec des souvenirs inoubliables.<\/p>\t\t\t\t\t\t\t\t<\/div>\n\t\t\t\t<\/div>\n\t\t\t\t<div class=\"elementor-element elementor-element-06c0c6e elementor-widget elementor-widget-text-editor\" data-id=\"06c0c6e\" data-element_type=\"widget\" data-e-type=\"widget\" data-widget_type=\"text-editor.default\">\n\t\t\t\t<div class=\"elementor-widget-container\">\n\t\t\t\t\t\t\t\t\t<p>Si vous d\u00e9cidez de visiter Barcelone, ne manquez pas de vous rendre au march\u00e9 de la Boqueria pour go\u00fbter aux produits locaux.<\/p>\t\t\t\t\t\t\t\t<\/div>\n\t\t\t\t<\/div>\n\t\t\t\t\t<\/div>\n\t\t\t\t<\/div>\n\t\t<div class=\"elementor-element elementor-element-a557757 e-flex e-con-boxed e-con e-parent\" data-id=\"a557757\" data-element_type=\"container\" data-e-type=\"container\">\n\t\t\t\t\t<div class=\"e-con-inner\">\n\t\t\t\t<div class=\"elementor-element elementor-element-7748dc1 elementor-widget elementor-widget-image\" data-id=\"7748dc1\" data-element_type=\"widget\" data-e-type=\"widget\" data-widget_type=\"image.default\">\n\t\t\t\t<div class=\"elementor-widget-container\">\n\t\t\t\t\t\t\t\t\t\t\t\t\t\t\t<img loading=\"lazy\" decoding=\"async\" width=\"780\" height=\"439\" src=\"https:\/\/stayinbcn.com\/wp-content\/uploads\/2026\/02\/ParcGuell-1024x576.avif\" class=\"attachment-large size-large wp-image-2270\" alt=\"Parc guell\" srcset=\"https:\/\/stayinbcn.com\/wp-content\/uploads\/2026\/02\/ParcGuell-1024x576.avif 1024w, https:\/\/stayinbcn.com\/wp-content\/uploads\/2026\/02\/ParcGuell-300x169.avif 300w, https:\/\/stayinbcn.com\/wp-content\/uploads\/2026\/02\/ParcGuell-768x432.avif 768w, https:\/\/stayinbcn.com\/wp-content\/uploads\/2026\/02\/ParcGuell-18x10.avif 18w, https:\/\/stayinbcn.com\/wp-content\/uploads\/2026\/02\/ParcGuell-500x281.avif 500w, https:\/\/stayinbcn.com\/wp-content\/uploads\/2026\/02\/ParcGuell.avif 1222w\" sizes=\"(max-width: 780px) 100vw, 780px\" \/>\t\t\t\t\t\t\t\t\t\t\t\t\t\t\t<\/div>\n\t\t\t\t<\/div>\n\t\t\t\t\t<\/div>\n\t\t\t\t<\/div>\n\t\t<div class=\"elementor-element elementor-element-f23a58b e-flex e-con-boxed e-con e-parent\" data-id=\"f23a58b\" data-element_type=\"container\" data-e-type=\"container\">\n\t\t\t\t\t<div class=\"e-con-inner\">\n\t\t\t\t<div class=\"elementor-element elementor-element-463dd35 elementor-widget-divider--view-line elementor-widget elementor-widget-divider\" data-id=\"463dd35\" data-element_type=\"widget\" data-e-type=\"widget\" data-widget_type=\"divider.default\">\n\t\t\t\t<div class=\"elementor-widget-container\">\n\t\t\t\t\t\t\t<div class=\"elementor-divider\">\n\t\t\t<span class=\"elementor-divider-separator\">\n\t\t\t\t\t\t<\/span>\n\t\t<\/div>\n\t\t\t\t\t\t<\/div>\n\t\t\t\t<\/div>\n\t\t\t\t\t<\/div>\n\t\t\t\t<\/div>\n\t\t<div class=\"elementor-element elementor-element-e562ddf e-flex e-con-boxed e-con e-parent\" data-id=\"e562ddf\" data-element_type=\"container\" data-e-type=\"container\">\n\t\t\t\t\t<div class=\"e-con-inner\">\n\t\t\t\t<div class=\"elementor-element elementor-element-6229e19 elementor-widget elementor-widget-text-editor\" data-id=\"6229e19\" data-element_type=\"widget\" data-e-type=\"widget\" data-widget_type=\"text-editor.default\">\n\t\t\t\t<div class=\"elementor-widget-container\">\n\t\t\t\t\t\t\t\t\t<h3 data-path-to-node=\"3\">Le march\u00e9 de la Boqueria : une f\u00eate pour les sens<\/h3><p data-path-to-node=\"4\">Si les Ramblas sont les veines de Barcelone, les <b data-path-to-node=\"4\" data-index-in-node=\"46\">March\u00e9 de San Jos\u00e9<\/b>, connu dans le monde entier sous le nom de <b data-path-to-node=\"4\" data-index-in-node=\"94\">La Boqueria<\/b>, est son c\u0153ur. Ce n'est pas seulement un march\u00e9 alimentaire, c'est un temple gastronomique o\u00f9 la couleur des fruits frais et l'agitation des \u00e9tals cr\u00e9ent une exp\u00e9rience hypnotique.<\/p><h3 data-path-to-node=\"5\">Qu'est-ce qui vous attend derri\u00e8re son arche de fer ?<\/h3><ul data-path-to-node=\"6\"><li><p data-path-to-node=\"6,0,0\"><b data-path-to-node=\"6,0,0\" data-index-in-node=\"0\">Explosion de couleurs :<\/b> Des pyramides de fruits exotiques et de jus naturels aux meilleurs morceaux de jambon ib\u00e9rique et aux fruits de mer vivants de la M\u00e9diterran\u00e9e.<\/p><\/li><li><p data-path-to-node=\"6,1,0\"><b data-path-to-node=\"6,1,0\" data-index-in-node=\"0\">La gastronomie en ce moment :<\/b> Ses c\u00e9l\u00e8bres stands de nourriture (comme le l\u00e9gendaire <i data-path-to-node=\"6,1,0\" data-index-in-node=\"70\">El Quim de la Boqueria<\/i> o <i data-path-to-node=\"6,1,0\" data-index-in-node=\"95\">Pinotxo Bar<\/i>) proposent des tapas pr\u00e9par\u00e9es avec les produits les plus frais que l'on puisse imaginer.<\/p><\/li><li><p data-path-to-node=\"6,2,0\"><b data-path-to-node=\"6,2,0\" data-index-in-node=\"0\">Histoire vivante :<\/b> Bien que sa structure en fer actuelle date de 1914, l'activit\u00e9 commerciale dans cette partie de la ville remonte au 13e si\u00e8cle.<\/p><\/li><\/ul><h3 data-path-to-node=\"7\">Bien plus que du shopping<\/h3><p data-path-to-node=\"8\">La Boqueria est l'endroit o\u00f9 les chefs \u00e9toil\u00e9s font leurs courses aux c\u00f4t\u00e9s des habitants. C'est un labyrinthe de sensations o\u00f9 l'on peut manger des \u0153ufs au plat avec des petits calmars pour le petit-d\u00e9jeuner tout en regardant le monde d\u00e9filer sous ses yeux.<\/p><hr data-path-to-node=\"9\" \/><blockquote data-path-to-node=\"10\"><p data-path-to-node=\"10,0\"><b data-path-to-node=\"10,0\" data-index-in-node=\"0\">Conseils d'experts :<\/b> Essayez d'y aller t\u00f4t le matin pour \u00e9viter les grandes foules de touristes et voir le march\u00e9 dans toute son authenticit\u00e9 - et n'oubliez pas d'apporter de l'argent liquide pour les \u00e9tals les plus traditionnels !<\/p><\/blockquote>\t\t\t\t\t\t\t\t<\/div>\n\t\t\t\t<\/div>\n\t\t\t\t\t<\/div>\n\t\t\t\t<\/div>\n\t\t<div class=\"elementor-element elementor-element-334389c e-flex e-con-boxed e-con e-parent\" data-id=\"334389c\" data-element_type=\"container\" data-e-type=\"container\">\n\t\t\t\t\t<div class=\"e-con-inner\">\n\t\t\t\t<div class=\"elementor-element elementor-element-847f611 elementor-widget elementor-widget-image\" data-id=\"847f611\" data-element_type=\"widget\" data-e-type=\"widget\" data-widget_type=\"image.default\">\n\t\t\t\t<div class=\"elementor-widget-container\">\n\t\t\t\t\t\t\t\t\t\t\t\t\t\t\t<img loading=\"lazy\" decoding=\"async\" width=\"780\" height=\"426\" src=\"https:\/\/stayinbcn.com\/wp-content\/uploads\/2026\/02\/LAboqueria-1024x559.avif\" class=\"attachment-large size-large wp-image-2308\" alt=\"La Boqueria\" srcset=\"https:\/\/stayinbcn.com\/wp-content\/uploads\/2026\/02\/LAboqueria-1024x559.avif 1024w, https:\/\/stayinbcn.com\/wp-content\/uploads\/2026\/02\/LAboqueria-300x164.avif 300w, https:\/\/stayinbcn.com\/wp-content\/uploads\/2026\/02\/LAboqueria-768x419.avif 768w, https:\/\/stayinbcn.com\/wp-content\/uploads\/2026\/02\/LAboqueria-18x10.avif 18w, https:\/\/stayinbcn.com\/wp-content\/uploads\/2026\/02\/LAboqueria-500x273.avif 500w, https:\/\/stayinbcn.com\/wp-content\/uploads\/2026\/02\/LAboqueria.avif 1408w\" sizes=\"(max-width: 780px) 100vw, 780px\" \/>\t\t\t\t\t\t\t\t\t\t\t\t\t\t\t<\/div>\n\t\t\t\t<\/div>\n\t\t\t\t\t<\/div>\n\t\t\t\t<\/div>\n\t\t<div class=\"elementor-element elementor-element-8d1fcc2 e-flex e-con-boxed e-con e-parent\" data-id=\"8d1fcc2\" data-element_type=\"container\" data-e-type=\"container\">\n\t\t\t\t\t<div class=\"e-con-inner\">\n\t\t\t\t<div class=\"elementor-element elementor-element-3d39fb9 elementor-align-center elementor-widget elementor-widget-button\" data-id=\"3d39fb9\" data-element_type=\"widget\" data-e-type=\"widget\" data-widget_type=\"button.default\">\n\t\t\t\t<div class=\"elementor-widget-container\">\n\t\t\t\t\t\t\t\t\t<div class=\"elementor-button-wrapper\">\n\t\t\t\t\t<a class=\"elementor-button elementor-button-link elementor-size-sm\" href=\"https:\/\/stayinbcn.com\/fr\/\">\n\t\t\t\t\t\t<span class=\"elementor-button-content-wrapper\">\n\t\t\t\t\t\t\t\t\t<span class=\"elementor-button-text\">ACCUEIL<\/span>\n\t\t\t\t\t<\/span>\n\t\t\t\t\t<\/a>\n\t\t\t\t<\/div>\n\t\t\t\t\t\t\t\t<\/div>\n\t\t\t\t<\/div>\n\t\t\t\t\t<\/div>\n\t\t\t\t<\/div>\n\t\t<div class=\"elementor-element elementor-element-34e6af9 e-flex e-con-boxed e-con e-parent\" data-id=\"34e6af9\" data-element_type=\"container\" data-e-type=\"container\">\n\t\t\t\t\t<div class=\"e-con-inner\">\n\t\t\t\t<div class=\"elementor-element elementor-element-6598f1e elementor-widget elementor-widget-heading\" data-id=\"6598f1e\" data-element_type=\"widget\" data-e-type=\"widget\" data-widget_type=\"heading.default\">\n\t\t\t\t<div class=\"elementor-widget-container\">\n\t\t\t\t\t<h2 class=\"elementor-heading-title elementor-size-default\"><a href=\"https:\/\/www.barcelonaturisme.com\/wv3\/es\/\" target=\"_blank\" rel=\"noopener\">Tourisme \u00e0 Barcelone<\/a><\/h2>\t\t\t\t<\/div>\n\t\t\t\t<\/div>\n\t\t\t\t\t<\/div>\n\t\t\t\t<\/div>\n\t\t<div class=\"elementor-element elementor-element-1d5ee74 e-flex e-con-boxed e-con e-parent\" data-id=\"1d5ee74\" data-element_type=\"container\" data-e-type=\"container\">\n\t\t\t\t\t<div class=\"e-con-inner\">\n\t\t\t\t\t<\/div>\n\t\t\t\t<\/div>\n\t\t\t\t<\/div>","protected":false},"excerpt":{"rendered":"<p>La Sagrada Familia: El Sue\u00f1o Eterno de Gaud\u00ed Visitar Barcelona y no ver la Sagrada Familia es como leer un libro al que le falta el cap\u00edtulo m\u00e1s importante. Esta obra maestra de Antoni Gaud\u00ed, a\u00fan en construcci\u00f3n despu\u00e9s de m\u00e1s de un siglo, no es solo una bas\u00edlica; es un bosque de piedra donde [&hellip;]<\/p>\n","protected":false},"author":1,"featured_media":0,"parent":0,"menu_order":0,"comment_status":"closed","ping_status":"closed","template":"","meta":{"footnotes":""},"class_list":["post-1717","page","type-page","status-publish","hentry"],"_links":{"self":[{"href":"https:\/\/stayinbcn.com\/fr\/wp-json\/wp\/v2\/pages\/1717","targetHints":{"allow":["GET"]}}],"collection":[{"href":"https:\/\/stayinbcn.com\/fr\/wp-json\/wp\/v2\/pages"}],"about":[{"href":"https:\/\/stayinbcn.com\/fr\/wp-json\/wp\/v2\/types\/page"}],"author":[{"embeddable":true,"href":"https:\/\/stayinbcn.com\/fr\/wp-json\/wp\/v2\/users\/1"}],"replies":[{"embeddable":true,"href":"https:\/\/stayinbcn.com\/fr\/wp-json\/wp\/v2\/comments?post=1717"}],"version-history":[{"count":0,"href":"https:\/\/stayinbcn.com\/fr\/wp-json\/wp\/v2\/pages\/1717\/revisions"}],"wp:attachment":[{"href":"https:\/\/stayinbcn.com\/fr\/wp-json\/wp\/v2\/media?parent=1717"}],"curies":[{"name":"wp","href":"https:\/\/api.w.org\/{rel}","templated":true}]}}