{"id":1549,"date":"2026-02-17T20:16:34","date_gmt":"2026-02-17T20:16:34","guid":{"rendered":"https:\/\/stayinbcn.com\/rooms-2\/"},"modified":"2026-04-29T18:37:10","modified_gmt":"2026-04-29T16:37:10","slug":"chambres-de-leixample","status":"publish","type":"page","link":"https:\/\/stayinbcn.com\/fr\/habitaciones-eixample\/","title":{"rendered":"Chambres"},"content":{"rendered":"<div data-elementor-type=\"wp-page\" data-elementor-id=\"1549\" class=\"elementor elementor-1549\">\n\t\t\t\t<div class=\"elementor-element elementor-element-d10b0a0 e-flex e-con-boxed e-con e-parent\" data-id=\"d10b0a0\" data-element_type=\"container\" data-e-type=\"container\" data-settings=\"{&quot;background_background&quot;:&quot;classic&quot;}\">\n\t\t\t\t\t<div class=\"e-con-inner\">\n\t\t<div class=\"elementor-element elementor-element-1e4a5cd e-con-full e-flex e-con e-child\" data-id=\"1e4a5cd\" data-element_type=\"container\" data-e-type=\"container\" data-settings=\"{&quot;background_background&quot;:&quot;classic&quot;}\">\n\t\t\t\t<div class=\"elementor-element elementor-element-de46f59 elementor-widget elementor-widget-hfe-infocard\" data-id=\"de46f59\" data-element_type=\"widget\" data-e-type=\"widget\" data-widget_type=\"hfe-infocard.default\">\n\t\t\t\t<div class=\"elementor-widget-container\">\n\t\t\t\t\t\n\t\t<div class=\"hfe-infocard\">\n\t\t\t\t\t\t\t\t\t<div class=\"hfe-infocard-title-wrap\">\n\t\t\t\t<h1 class=\"hfe-infocard-title elementor-inline-editing\" data-elementor-setting-key=\"infocard_title\" data-elementor-inline-editing-toolbar=\"basic\" >Chambres \u00e0 Barcelone<\/h1>\t\t\t<\/div>\n\t\t\t\t\t\t<div class=\"hfe-infocard-text-wrap\">\n\t\t\t\t<div class=\"hfe-infocard-text elementor-inline-editing\" data-elementor-setting-key=\"infocard_description\" data-elementor-inline-editing-toolbar=\"advanced\">\n\t\t\t\t\t<p>Chambres dans l'Eixample de Barcelone \u00e0 partir de 70\u20ac\/nuit. Salle de bain priv\u00e9e, WiFi, cuisine et salon communs inclus. Courts s\u00e9jours avec tout le confort d'un appartement priv\u00e9 dans le centre de Barcelone.<\/p>\t\t\t\t<\/div>\n\t\t\t\t\t\t\t<\/div>\n\t\t<\/div>\n\n\t\t\t\t\t\t<\/div>\n\t\t\t\t<\/div>\n\t\t\t\t<\/div>\n\t\t\t\t\t<\/div>\n\t\t\t\t<\/div>\n\t\t<div class=\"elementor-element elementor-element-4d3f0c8 e-flex e-con-boxed e-con e-parent\" data-id=\"4d3f0c8\" data-element_type=\"container\" data-e-type=\"container\" data-settings=\"{&quot;background_background&quot;:&quot;classic&quot;}\">\n\t\t\t\t\t<div class=\"e-con-inner\">\n\t\t<div class=\"elementor-element elementor-element-3a08b4d e-con-full e-flex e-con e-child\" data-id=\"3a08b4d\" data-element_type=\"container\" data-e-type=\"container\">\n\t\t<div class=\"elementor-element elementor-element-2fc7b7b e-flex e-con-boxed e-con e-child\" data-id=\"2fc7b7b\" data-element_type=\"container\" data-e-type=\"container\">\n\t\t\t\t\t<div class=\"e-con-inner\">\n\t\t\t\t<div class=\"elementor-element elementor-element-513e9f4 elementor-widget__width-initial elementor-widget elementor-widget-hfe-infocard\" data-id=\"513e9f4\" data-element_type=\"widget\" data-e-type=\"widget\" data-widget_type=\"hfe-infocard.default\">\n\t\t\t\t<div class=\"elementor-widget-container\">\n\t\t\t\t\t\n\t\t<div class=\"hfe-infocard\">\n\t\t\t\t\t\t\t\t\t<div class=\"hfe-infocard-title-wrap\">\n\t\t\t\t<h2 class=\"hfe-infocard-title elementor-inline-editing\" data-elementor-setting-key=\"infocard_title\" data-elementor-inline-editing-toolbar=\"basic\" >Chambres dans l'eixample Barcelone : Profitez de votre s\u00e9jour \u00e0 Barcelone<\/h2>\t\t\t<\/div>\n\t\t\t\t\t\t<div class=\"hfe-infocard-text-wrap\">\n\t\t\t\t<div class=\"hfe-infocard-text elementor-inline-editing\" data-elementor-setting-key=\"infocard_description\" data-elementor-inline-editing-toolbar=\"advanced\">\n\t\t\t\t\t<p>Chambres \u00e0 louer \u00e0 Barcelona Centre - Eixample<br>\nVous cherchez des chambres \u00e0 Barcelone avec le confort d'un appartement priv\u00e9 et une situation parfaite dans le centre ?.<\/p><p>Nos chambres dans l'Eixample offrent tout ce dont vous avez besoin pour un s\u00e9jour inoubliable \u00e0 Barcelone.&nbsp;<\/p><p>Situ\u00e9es \u00e0 c\u00f4t\u00e9 de la station de m\u00e9tro Plaza Universidad, \u00e0 5 minutes de la Plaza Catalu\u00f1a et \u00e0 10 minutes du Paseo de Gracia, nos chambres allient confort, intimit\u00e9 et emplacement strat\u00e9gique au c\u0153ur de la ville.<\/p><p><br>\nNous proposons deux chambres enti\u00e8rement \u00e9quip\u00e9es : une chambre double avec lit double et une chambre simple, toutes deux avec salle de bain priv\u00e9e, climatisation et acc\u00e8s \u00e0 une cuisine enti\u00e8rement \u00e9quip\u00e9e et \u00e0 un salon commun.&nbsp;<\/p><p>Id\u00e9al pour les touristes, les voyageurs d'affaires et les nomades num\u00e9riques \u00e0 la recherche d'un h\u00e9bergement de qualit\u00e9 dans le centre-ville de Barcelone.<\/p>\t\t\t\t<\/div>\n\t\t\t\t\t\t\t<\/div>\n\t\t<\/div>\n\n\t\t\t\t\t\t<\/div>\n\t\t\t\t<\/div>\n\t\t\t\t<div class=\"elementor-element elementor-element-ed913cd elementor-align-right elementor-widget__width-initial elementor-mobile-align-left elementor-widget-tablet__width-initial elementor-widget-mobile__width-inherit elementor-widget elementor-widget-button\" data-id=\"ed913cd\" data-element_type=\"widget\" data-e-type=\"widget\" data-widget_type=\"button.default\">\n\t\t\t\t<div class=\"elementor-widget-container\">\n\t\t\t\t\t\t\t\t\t<div class=\"elementor-button-wrapper\">\n\t\t\t\t\t<a class=\"elementor-button elementor-button-link elementor-size-sm\" href=\"https:\/\/stayinbcn.com\/fr\/habitaciones-equipadas-y-modernas-en-barcelona-eixample\/\">\n\t\t\t\t\t\t<span class=\"elementor-button-content-wrapper\">\n\t\t\t\t\t\t\t\t\t<span class=\"elementor-button-text\">Voir tous<\/span>\n\t\t\t\t\t<\/span>\n\t\t\t\t\t<\/a>\n\t\t\t\t<\/div>\n\t\t\t\t\t\t\t\t<\/div>\n\t\t\t\t<\/div>\n\t\t\t\t\t<\/div>\n\t\t\t\t<\/div>\n\t\t<div class=\"elementor-element elementor-element-10c11e8 e-con-full e-flex e-con e-child\" data-id=\"10c11e8\" data-element_type=\"container\" data-e-type=\"container\">\n\t\t<div class=\"elementor-element elementor-element-9f4bc0c e-con-full e-flex e-con e-child\" data-id=\"9f4bc0c\" data-element_type=\"container\" data-e-type=\"container\">\n\t\t\t\t<div class=\"elementor-element elementor-element-563809b elementor-widget elementor-widget-image\" data-id=\"563809b\" data-element_type=\"widget\" data-e-type=\"widget\" data-widget_type=\"image.default\">\n\t\t\t\t<div class=\"elementor-widget-container\">\n\t\t\t\t\t\t\t\t\t\t\t\t\t\t\t<img fetchpriority=\"high\" decoding=\"async\" width=\"1920\" height=\"1280\" src=\"https:\/\/stayinbcn.com\/wp-content\/uploads\/2026\/02\/Habitacion-1_2-1-scaled.webp\" class=\"attachment-full size-full wp-image-116\" alt=\"chambres \u00e0 Eixample Barcelona\" srcset=\"https:\/\/stayinbcn.com\/wp-content\/uploads\/2026\/02\/Habitacion-1_2-1-scaled.webp 1920w, https:\/\/stayinbcn.com\/wp-content\/uploads\/2026\/02\/Habitacion-1_2-1-300x200.webp 300w, https:\/\/stayinbcn.com\/wp-content\/uploads\/2026\/02\/Habitacion-1_2-1-1024x683.webp 1024w, https:\/\/stayinbcn.com\/wp-content\/uploads\/2026\/02\/Habitacion-1_2-1-768x512.webp 768w, https:\/\/stayinbcn.com\/wp-content\/uploads\/2026\/02\/Habitacion-1_2-1-1536x1024.webp 1536w\" sizes=\"(max-width: 1920px) 100vw, 1920px\" \/>\t\t\t\t\t\t\t\t\t\t\t\t\t\t\t<\/div>\n\t\t\t\t<\/div>\n\t\t\t\t<div class=\"elementor-element elementor-element-cf02560 elementor-widget elementor-widget-image-box\" data-id=\"cf02560\" data-element_type=\"widget\" data-e-type=\"widget\" data-widget_type=\"image-box.default\">\n\t\t\t\t<div class=\"elementor-widget-container\">\n\t\t\t\t\t<div class=\"elementor-image-box-wrapper\"><div class=\"elementor-image-box-content\"><h3 class=\"elementor-image-box-title\">Chambre double<\/h3><p class=\"elementor-image-box-description\">Chambre double sup\u00e9rieure - Lit double\nNotre chambre double de 25 m\u00b2 est id\u00e9ale pour les couples ou les voyageurs \u00e0 la recherche d'espace et de confort. Elle dispose d'un grand lit double de 160x200 cm avec des draps de qualit\u00e9 inclus, d'une fen\u00eatre ext\u00e9rieure avec lumi\u00e8re naturelle, d'un bureau pour travailler, d'une armoire spacieuse et d'une salle de bain priv\u00e9e avec douche.\nLa chambre est \u00e9quip\u00e9e de la climatisation pour votre confort tout au long de l'ann\u00e9e, d'une connexion WiFi haut d\u00e9bit id\u00e9ale pour le t\u00e9l\u00e9travail ou le streaming, et de tous les \u00e9quipements n\u00e9cessaires pour un s\u00e9jour confortable. Nous incluons des serviettes fra\u00eeches et des produits de base pour la salle de bain (savon, shampoing, gel douche) pour que vous n'ayez pas \u00e0 vous soucier de quoi que ce soit.\nCapacit\u00e9 : Jusqu'\u00e0 2 personnes\nPrix : A partir de 70\u20ac\/nuit\nSurface : 25 m\u00b2\n\n<\/p><\/div><\/div>\t\t\t\t<\/div>\n\t\t\t\t<\/div>\n\t\t\t\t<div class=\"elementor-element elementor-element-f858940 elementor-align-center elementor-widget elementor-widget-button\" data-id=\"f858940\" data-element_type=\"widget\" data-e-type=\"widget\" data-widget_type=\"button.default\">\n\t\t\t\t<div class=\"elementor-widget-container\">\n\t\t\t\t\t\t\t\t\t<div class=\"elementor-button-wrapper\">\n\t\t\t\t\t<a class=\"elementor-button elementor-button-link elementor-size-sm\" href=\"https:\/\/stayinbcn.com\/fr\/hebergement\/chambre-double-superieure\/\">\n\t\t\t\t\t\t<span class=\"elementor-button-content-wrapper\">\n\t\t\t\t\t\t\t\t\t<span class=\"elementor-button-text\">VER HABITACION GRANDE<\/span>\n\t\t\t\t\t<\/span>\n\t\t\t\t\t<\/a>\n\t\t\t\t<\/div>\n\t\t\t\t\t\t\t\t<\/div>\n\t\t\t\t<\/div>\n\t\t\t\t<\/div>\n\t\t<div class=\"elementor-element elementor-element-461cd06 e-con-full e-flex e-con e-child\" data-id=\"461cd06\" data-element_type=\"container\" data-e-type=\"container\">\n\t\t\t\t<div class=\"elementor-element elementor-element-0bdee1e elementor-widget elementor-widget-image\" data-id=\"0bdee1e\" data-element_type=\"widget\" data-e-type=\"widget\" data-widget_type=\"image.default\">\n\t\t\t\t<div class=\"elementor-widget-container\">\n\t\t\t\t\t\t\t\t\t\t\t\t\t\t\t<img decoding=\"async\" width=\"1395\" height=\"864\" src=\"https:\/\/stayinbcn.com\/wp-content\/uploads\/2026\/02\/Habitacion-3_02.webp\" class=\"attachment-full size-full wp-image-119\" alt=\"\" srcset=\"https:\/\/stayinbcn.com\/wp-content\/uploads\/2026\/02\/Habitacion-3_02.webp 1395w, https:\/\/stayinbcn.com\/wp-content\/uploads\/2026\/02\/Habitacion-3_02-300x186.webp 300w, https:\/\/stayinbcn.com\/wp-content\/uploads\/2026\/02\/Habitacion-3_02-1024x634.webp 1024w, https:\/\/stayinbcn.com\/wp-content\/uploads\/2026\/02\/Habitacion-3_02-768x476.webp 768w\" sizes=\"(max-width: 1395px) 100vw, 1395px\" \/>\t\t\t\t\t\t\t\t\t\t\t\t\t\t\t<\/div>\n\t\t\t\t<\/div>\n\t\t\t\t<div class=\"elementor-element elementor-element-67f3faf elementor-align-center elementor-widget elementor-widget-button\" data-id=\"67f3faf\" data-element_type=\"widget\" data-e-type=\"widget\" data-widget_type=\"button.default\">\n\t\t\t\t<div class=\"elementor-widget-container\">\n\t\t\t\t\t\t\t\t\t<div class=\"elementor-button-wrapper\">\n\t\t\t\t\t<a class=\"elementor-button elementor-button-link elementor-size-sm\" href=\"https:\/\/stayinbcn.com\/fr\/hebergement\/chambre2\/\">\n\t\t\t\t\t\t<span class=\"elementor-button-content-wrapper\">\n\t\t\t\t\t\t\t\t\t<span class=\"elementor-button-text\">VER HABITACION INDIVIDUAL<\/span>\n\t\t\t\t\t<\/span>\n\t\t\t\t\t<\/a>\n\t\t\t\t<\/div>\n\t\t\t\t\t\t\t\t<\/div>\n\t\t\t\t<\/div>\n\t\t\t\t<div class=\"elementor-element elementor-element-013a229 elementor-position-top elementor-widget elementor-widget-image-box\" data-id=\"013a229\" data-element_type=\"widget\" data-e-type=\"widget\" data-widget_type=\"image-box.default\">\n\t\t\t\t<div class=\"elementor-widget-container\">\n\t\t\t\t\t<div class=\"elementor-image-box-wrapper\"><figure class=\"elementor-image-box-img\"><img decoding=\"async\" width=\"1440\" height=\"1920\" src=\"https:\/\/stayinbcn.com\/wp-content\/uploads\/2026\/02\/Habitacion-3_4-scaled.webp\" class=\"attachment-full size-full wp-image-121\" alt=\"\" srcset=\"https:\/\/stayinbcn.com\/wp-content\/uploads\/2026\/02\/Habitacion-3_4-scaled.webp 1440w, https:\/\/stayinbcn.com\/wp-content\/uploads\/2026\/02\/Habitacion-3_4-225x300.webp 225w, https:\/\/stayinbcn.com\/wp-content\/uploads\/2026\/02\/Habitacion-3_4-768x1024.webp 768w, https:\/\/stayinbcn.com\/wp-content\/uploads\/2026\/02\/Habitacion-3_4-1152x1536.webp 1152w\" sizes=\"(max-width: 1440px) 100vw, 1440px\" \/><\/figure><div class=\"elementor-image-box-content\"><h3 class=\"elementor-image-box-title\">Chambre individuelle<\/h3><p class=\"elementor-image-box-description\">Cette chambre est id\u00e9ale pour les voyageurs solitaires \u00e0 la recherche d'intimit\u00e9 et d'un bon prix dans le centre. Cette chambre confortable de 15 m\u00b2 dispose d'un lit simple de 90x200 cm, d'un bureau, d'une armoire et d'une salle de bain priv\u00e9e.\nL'air conditionn\u00e9 n'est pas inclus ; nous fournissons le refroidissement (ventilateur, cuisini\u00e8re).  WiFi haut d\u00e9bit, linge de lit, serviettes et produits de bain. Une option \u00e9conomique sans sacrifier le confort et la qualit\u00e9 des services.\nCapacit\u00e9 : 1 personne. Prix \u00e0 partir de 40\u20ac la nuit.\nSurface : 15 m\u00b2<\/p><\/div><\/div>\t\t\t\t<\/div>\n\t\t\t\t<\/div>\n\t\t\t\t<div class=\"elementor-element elementor-element-bbac4f6 elementor-widget elementor-widget-button\" data-id=\"bbac4f6\" data-element_type=\"widget\" data-e-type=\"widget\" data-widget_type=\"button.default\">\n\t\t\t\t<div class=\"elementor-widget-container\">\n\t\t\t\t\t\t\t\t\t<div class=\"elementor-button-wrapper\">\n\t\t\t\t\t<a class=\"elementor-button elementor-button-link elementor-size-sm\" href=\"https:\/\/stayinbcn.com\/fr\/hebergement\/chambre2\/\">\n\t\t\t\t\t\t<span class=\"elementor-button-content-wrapper\">\n\t\t\t\t\t\t\t\t\t<span class=\"elementor-button-text\">En savoir plus<\/span>\n\t\t\t\t\t<\/span>\n\t\t\t\t\t<\/a>\n\t\t\t\t<\/div>\n\t\t\t\t\t\t\t\t<\/div>\n\t\t\t\t<\/div>\n\t\t\t\t<\/div>\n\t\t\t\t<\/div>\n\t\t<div class=\"elementor-element elementor-element-e8a74f4 e-con-full e-flex e-con e-child\" data-id=\"e8a74f4\" data-element_type=\"container\" data-e-type=\"container\">\n\t\t\t\t<div class=\"elementor-element elementor-element-a12debd elementor-widget elementor-widget-text-editor\" data-id=\"a12debd\" data-element_type=\"widget\" data-e-type=\"widget\" data-widget_type=\"text-editor.default\">\n\t\t\t\t<div class=\"elementor-widget-container\">\n\t\t\t\t\t\t\t\t\t<p><span style=\"text-decoration: underline;\">Le b\u00e2timent a \u00e9t\u00e9 construit autour de 1900 selon le mod\u00e8le catalan typique de l'\u00e9poque.<strong style=\"font-size: 1rem;\" data-processed=\"true\">:<\/strong><span style=\"font-size: 1rem;\">\u00a0<\/span><\/span><\/p>\t\t\t\t\t\t\t\t<\/div>\n\t\t\t\t<\/div>\n\t\t\t\t<div class=\"elementor-element elementor-element-0000145 elementor-widget elementor-widget-text-editor\" data-id=\"0000145\" data-element_type=\"widget\" data-e-type=\"widget\" data-widget_type=\"text-editor.default\">\n\t\t\t\t<div class=\"elementor-widget-container\">\n\t\t\t\t\t\t\t\t\t<p><strong><span style=\"font-size: 1rem;\">L'une de ses principales caract\u00e9ristiques est sa vo\u00fbte en catalan : E<\/span><span style=\"color: #000000; font-size: 18px; background-color: #f2f2f1;\">s a\u00a0<\/span><span style=\"color: #000000; font-size: 18px; background-color: #f2f2f1;\">\u00e9l\u00e9ment architectural utilis\u00e9 pour couvrir les toits<\/span><span style=\"color: #000000; font-size: 18px; background-color: #f2f2f1;\">, constitu\u00e9 de briques plates en terre cuite qui, \u00e0 l'aide de mortier ou de ciment, s'assemblent pour former une vo\u00fbte reposant sur des poutres qui peuvent \u00eatre en fer ou en bois.<\/span><\/strong><\/p>\t\t\t\t\t\t\t\t<\/div>\n\t\t\t\t<\/div>\n\t\t\t\t<div class=\"elementor-element elementor-element-dbcd9b3 elementor-widget elementor-widget-text-editor\" data-id=\"dbcd9b3\" data-element_type=\"widget\" data-e-type=\"widget\" data-widget_type=\"text-editor.default\">\n\t\t\t\t<div class=\"elementor-widget-container\">\n\t\t\t\t\t\t\t\t\t<p><em><span style=\"color: #000000; font-size: 18px; background-color: #f2f2f1;\">Le b\u00e2timent dispose d'un ascenseur, mais il a \u00e9t\u00e9 ajout\u00e9 plus tard. \u00c0 l'\u00e9poque, les logements situ\u00e9s plus pr\u00e8s de la voie publique \u00e9taient plus chers, car ils \u00e9taient plus faciles d'acc\u00e8s.<\/span><\/em><\/p>\t\t\t\t\t\t\t\t<\/div>\n\t\t\t\t<\/div>\n\t\t\t\t<\/div>\n\t\t\t\t<\/div>\n\t\t\t\t\t<\/div>\n\t\t\t\t<\/div>\n\t\t<div class=\"elementor-element elementor-element-431d838 e-flex e-con-boxed e-con e-parent\" data-id=\"431d838\" data-element_type=\"container\" data-e-type=\"container\">\n\t\t\t\t\t<div class=\"e-con-inner\">\n\t\t\t\t<div class=\"elementor-element elementor-element-fade44f elementor-widget-divider--view-line elementor-widget elementor-widget-divider\" data-id=\"fade44f\" data-element_type=\"widget\" data-e-type=\"widget\" data-widget_type=\"divider.default\">\n\t\t\t\t<div class=\"elementor-widget-container\">\n\t\t\t\t\t\t\t<div class=\"elementor-divider\">\n\t\t\t<span class=\"elementor-divider-separator\">\n\t\t\t\t\t\t<\/span>\n\t\t<\/div>\n\t\t\t\t\t\t<\/div>\n\t\t\t\t<\/div>\n\t\t\t\t\t<\/div>\n\t\t\t\t<\/div>\n\t\t<div class=\"elementor-element elementor-element-58c2a11 e-flex e-con-boxed e-con e-parent\" data-id=\"58c2a11\" data-element_type=\"container\" data-e-type=\"container\">\n\t\t\t\t\t<div class=\"e-con-inner\">\n\t\t\t\t<div class=\"elementor-element elementor-element-ccd7050 elementor-widget elementor-widget-text-editor\" data-id=\"ccd7050\" data-element_type=\"widget\" data-e-type=\"widget\" data-widget_type=\"text-editor.default\">\n\t\t\t\t<div class=\"elementor-widget-container\">\n\t\t\t\t\t\t\t\t\t<h2 data-path-to-node=\"2\">L'Eixample : le c\u0153ur moderniste de Barcelone<\/h2><p data-path-to-node=\"3\">Si vous voulez comprendre la Barcelone d'aujourd'hui, vous devez passer par la <b data-path-to-node=\"3\" data-index-in-node=\"61\">Eixample<\/b>. Ce quartier ambitieux, con\u00e7u par Ildefons Cerd\u00e0 au XIXe si\u00e8cle, a rompu avec le pass\u00e9 m\u00e9di\u00e9val de la ville pour cr\u00e9er une trame de larges rues et de chanfreins octogonaux unique au monde. C'est l'union parfaite entre un urbanisme visionnaire et l'architecture la plus \u00e9blouissante.<\/p><h3 data-path-to-node=\"4\">Pourquoi ce quartier est-il fascinant ?<\/h3><ul data-path-to-node=\"5\"><li><p data-path-to-node=\"5,0,0\"><b data-path-to-node=\"5,0,0\" data-index-in-node=\"0\">Le berceau du modernisme :<\/b> Ses rues sont un mus\u00e9e \u00e0 ciel ouvert. On y trouve la Sagrada Familia, la Casa Batll\u00f3, la Pedrera et des dizaines d'immeubles bourgeois dont les fa\u00e7ades ressemblent \u00e0 des sculptures.<\/p><\/li><li><p data-path-to-node=\"5,1,0\"><b data-path-to-node=\"5,1,0\" data-index-in-node=\"0\">L'urbanisme iconique :<\/b> Sa conception de blocs octogonaux \u00e9tait r\u00e9volutionnaire, ax\u00e9e sur la lumi\u00e8re, la ventilation et la mobilit\u00e9. Aujourd'hui, ces chanfreins constituent l'identit\u00e9 visuelle de Barcelone vue du ciel.<\/p><\/li><li><p data-path-to-node=\"5,2,0\"><b data-path-to-node=\"5,2,0\" data-index-in-node=\"0\">L'axe du luxe et de la culture :<\/b> Le Paseo de Gracia, l'art\u00e8re principale de l'Eixample, concentre les boutiques de marques les plus exclusives, les galeries d'art et certains des meilleurs restaurants de la ville.<\/p><\/li><li><p data-path-to-node=\"5,3,0\"><b data-path-to-node=\"5,3,0\" data-index-in-node=\"0\">Une vie de quartier \u00e9l\u00e9gante :<\/b> Au-del\u00e0 des zones touristiques, l'Eixample offre une vie culturelle et sociale anim\u00e9e, avec des march\u00e9s comme celui de Ninot, de belles librairies et des places pleines de terrasses.<\/p><\/li><\/ul><h3 data-path-to-node=\"6\">Bien plus que de l'architecture<\/h3><p data-path-to-node=\"7\">Fl\u00e2ner dans l'Eixample, ce n'est pas seulement admirer des b\u00e2timents embl\u00e9matiques, c'est aussi prendre le pouls de la Barcelone cosmopolite. C'est l\u00e0 que le design d'avant-garde rencontre le commerce traditionnel, offrant une exp\u00e9rience urbaine \u00e9l\u00e9gante et pleine de surprises \u00e0 chaque coin de rue.<\/p>\t\t\t\t\t\t\t\t<\/div>\n\t\t\t\t<\/div>\n\t\t\t\t<div class=\"elementor-element elementor-element-51f9443 elementor-widget elementor-widget-text-editor\" data-id=\"51f9443\" data-element_type=\"widget\" data-e-type=\"widget\" data-widget_type=\"text-editor.default\">\n\t\t\t\t<div class=\"elementor-widget-container\">\n\t\t\t\t\t\t\t\t\t<p>Dans ce beau quartier, les chambres de l'Eixample Barcelone ne sont pas seulement un lieu de vie, mais aussi un moyen de profiter de l'histoire et de la culture de la ville. En outre, les chambres de l'Eixample Barcelone offrent une exp\u00e9rience unique qui allie confort et style.<\/p>\t\t\t\t\t\t\t\t<\/div>\n\t\t\t\t<\/div>\n\t\t\t\t<div class=\"elementor-element elementor-element-cc6ee7d elementor-widget elementor-widget-text-editor\" data-id=\"cc6ee7d\" data-element_type=\"widget\" data-e-type=\"widget\" data-widget_type=\"text-editor.default\">\n\t\t\t\t<div class=\"elementor-widget-container\">\n\t\t\t\t\t\t\t\t\t<p>Si vous cherchez des chambres dans l'Eixample Barcelone, vous trouverez des options pour r\u00e9pondre \u00e0 tous vos besoins et pr\u00e9f\u00e9rences.<\/p>\t\t\t\t\t\t\t\t<\/div>\n\t\t\t\t<\/div>\n\t\t\t\t<div class=\"elementor-element elementor-element-0cb8b92 elementor-widget elementor-widget-text-editor\" data-id=\"0cb8b92\" data-element_type=\"widget\" data-e-type=\"widget\" data-widget_type=\"text-editor.default\">\n\t\t\t\t<div class=\"elementor-widget-container\">\n\t\t\t\t\t\t\t\t\t<p>Les chambres de l'Eixample Barcelona sont entour\u00e9es de culture, de gastronomie et d'une atmosph\u00e8re vibrante qui rendra votre s\u00e9jour inoubliable.<\/p>\t\t\t\t\t\t\t\t<\/div>\n\t\t\t\t<\/div>\n\t\t\t\t<div class=\"elementor-element elementor-element-d660b2e elementor-widget elementor-widget-text-editor\" data-id=\"d660b2e\" data-element_type=\"widget\" data-e-type=\"widget\" data-widget_type=\"text-editor.default\">\n\t\t\t\t<div class=\"elementor-widget-container\">\n\t\t\t\t\t\t\t\t\t<p>Ne manquez pas l'occasion de r\u00e9server des chambres dans l'Eixample Barcelone et de vous immerger dans l'essence de cette merveilleuse ville.<\/p>\t\t\t\t\t\t\t\t<\/div>\n\t\t\t\t<\/div>\n\t\t\t\t<div class=\"elementor-element elementor-element-1cd5f2a elementor-widget elementor-widget-text-editor\" data-id=\"1cd5f2a\" data-element_type=\"widget\" data-e-type=\"widget\" data-widget_type=\"text-editor.default\">\n\t\t\t\t<div class=\"elementor-widget-container\">\n\t\t\t\t\t\t\t\t\t<p>Les chambres de l'Eixample Barcelone sont parfaites pour ceux qui souhaitent explorer facilement tous les coins de la ville.<\/p>\t\t\t\t\t\t\t\t<\/div>\n\t\t\t\t<\/div>\n\t\t\t\t<div class=\"elementor-element elementor-element-153658d elementor-widget elementor-widget-text-editor\" data-id=\"153658d\" data-element_type=\"widget\" data-e-type=\"widget\" data-widget_type=\"text-editor.default\">\n\t\t\t\t<div class=\"elementor-widget-container\">\n\t\t\t\t\t\t\t\t\t<p>Que vous cherchiez des chambres \u00e0 Eixample Barcelona pour une escapade romantique ou un voyage en famille, nous avons les options id\u00e9ales pour vous.<\/p>\t\t\t\t\t\t\t\t<\/div>\n\t\t\t\t<\/div>\n\t\t\t\t<div class=\"elementor-element elementor-element-253d618 elementor-widget elementor-widget-text-editor\" data-id=\"253d618\" data-element_type=\"widget\" data-e-type=\"widget\" data-widget_type=\"text-editor.default\">\n\t\t\t\t<div class=\"elementor-widget-container\">\n\t\t\t\t\t\t\t\t\t<p>D\u00e9couvrez pourquoi les chambres de l'Eixample Barcelone sont un choix populaire parmi les voyageurs qui aiment l'art et l'histoire.<\/p>\t\t\t\t\t\t\t\t<\/div>\n\t\t\t\t<\/div>\n\t\t\t\t<div class=\"elementor-element elementor-element-6d49d83 elementor-widget elementor-widget-text-editor\" data-id=\"6d49d83\" data-element_type=\"widget\" data-e-type=\"widget\" data-widget_type=\"text-editor.default\">\n\t\t\t\t<div class=\"elementor-widget-container\">\n\t\t\t\t\t\t\t\t\t<p>Les chambres de l'Eixample Barcelona offrent un acc\u00e8s privil\u00e9gi\u00e9 aux meilleures attractions touristiques de la ville.<\/p>\t\t\t\t\t\t\t\t<\/div>\n\t\t\t\t<\/div>\n\t\t\t\t<div class=\"elementor-element elementor-element-49ce4fb elementor-widget elementor-widget-text-editor\" data-id=\"49ce4fb\" data-element_type=\"widget\" data-e-type=\"widget\" data-widget_type=\"text-editor.default\">\n\t\t\t\t<div class=\"elementor-widget-container\">\n\t\t\t\t\t\t\t\t\t<p>Votre aventure \u00e0 Barcelone commence avec des chambres confortables dans l'Eixample Barcelone.<\/p>\t\t\t\t\t\t\t\t<\/div>\n\t\t\t\t<\/div>\n\t\t\t\t\t<\/div>\n\t\t\t\t<\/div>\n\t\t<div class=\"elementor-element elementor-element-a757d54 e-flex e-con-boxed e-con e-parent\" data-id=\"a757d54\" data-element_type=\"container\" data-e-type=\"container\">\n\t\t\t\t\t<div class=\"e-con-inner\">\n\t\t\t\t\t<\/div>\n\t\t\t\t<\/div>\n\t\t<div class=\"elementor-element elementor-element-6f14530 e-flex e-con-boxed e-con e-parent\" data-id=\"6f14530\" data-element_type=\"container\" data-e-type=\"container\">\n\t\t\t\t\t<div class=\"e-con-inner\">\n\t\t\t\t<div class=\"elementor-element elementor-element-dc3af1d elementor-widget elementor-widget-heading\" data-id=\"dc3af1d\" data-element_type=\"widget\" data-e-type=\"widget\" data-widget_type=\"heading.default\">\n\t\t\t\t<div class=\"elementor-widget-container\">\n\t\t\t\t\t<h2 class=\"elementor-heading-title elementor-size-default\"><a href=\"https:\/\/es.wikipedia.org\/wiki\/Distrito_del_Ensanche\" target=\"_blank\" rel=\"noopener\">L'EIXEMPLE<\/a><\/h2>\t\t\t\t<\/div>\n\t\t\t\t<\/div>\n\t\t\t\t\t<\/div>\n\t\t\t\t<\/div>\n\t\t<div class=\"elementor-element elementor-element-60bacb1 e-flex e-con-boxed e-con e-parent\" data-id=\"60bacb1\" data-element_type=\"container\" data-e-type=\"container\" data-settings=\"{&quot;background_background&quot;:&quot;classic&quot;}\">\n\t\t\t\t\t<div class=\"e-con-inner\">\n\t\t<div class=\"elementor-element elementor-element-2ac63b5 e-con-full e-flex e-con e-child\" data-id=\"2ac63b5\" data-element_type=\"container\" data-e-type=\"container\">\n\t\t\t\t<div class=\"elementor-element elementor-element-26438ad elementor-widget elementor-widget-heading\" data-id=\"26438ad\" data-element_type=\"widget\" data-e-type=\"widget\" data-widget_type=\"heading.default\">\n\t\t\t\t<div class=\"elementor-widget-container\">\n\t\t\t\t\t<h2 class=\"elementor-heading-title elementor-size-default\">Bienvenue dans une nouvelle exp\u00e9rience \u00e0 Barcelone\n<\/h2>\t\t\t\t<\/div>\n\t\t\t\t<\/div>\n\t\t\t\t<div class=\"elementor-element elementor-element-a69a77c elementor-widget elementor-widget-text-editor\" data-id=\"a69a77c\" data-element_type=\"widget\" data-e-type=\"widget\" data-widget_type=\"text-editor.default\">\n\t\t\t\t<div class=\"elementor-widget-container\">\n\t\t\t\t\t\t\t\t\t<p>Les meilleurs <strong>chambres barcelone<\/strong> sont con\u00e7us pour vous offrir l'exp\u00e9rience la plus confortable et la plus m\u00e9morable.<\/p>\t\t\t\t\t\t\t\t<\/div>\n\t\t\t\t<\/div>\n\t\t\t\t<div class=\"elementor-element elementor-element-a15ffb6 elementor-widget elementor-widget-text-editor\" data-id=\"a15ffb6\" data-element_type=\"widget\" data-e-type=\"widget\" data-widget_type=\"text-editor.default\">\n\t\t\t\t<div class=\"elementor-widget-container\">\n\t\t\t\t\t\t\t\t\t<p>D\u00e9couvrez nos <strong>chambres barcelone<\/strong> et d\u00e9couvrez la magie de la ville.<\/p>\t\t\t\t\t\t\t\t<\/div>\n\t\t\t\t<\/div>\n\t\t\t\t<div class=\"elementor-element elementor-element-1179e43 elementor-widget elementor-widget-text-editor\" data-id=\"1179e43\" data-element_type=\"widget\" data-e-type=\"widget\" data-widget_type=\"text-editor.default\">\n\t\t\t\t<div class=\"elementor-widget-container\">\n\t\t\t\t\t\t\t\t\t<p>Si vous avez des questions, je me ferai un plaisir de vous aider.<\/p>\t\t\t\t\t\t\t\t<\/div>\n\t\t\t\t<\/div>\n\t\t\t\t<div class=\"elementor-element elementor-element-ab93892 elementor-widget elementor-widget-text-editor\" data-id=\"ab93892\" data-element_type=\"widget\" data-e-type=\"widget\" data-widget_type=\"text-editor.default\">\n\t\t\t\t<div class=\"elementor-widget-container\">\n\t\t\t\t\t\t\t\t\t<p>Si vous avez des questions sur notre <strong>chambres barcelone<\/strong>, N'h\u00e9sitez pas \u00e0 poser des questions.<\/p>\t\t\t\t\t\t\t\t<\/div>\n\t\t\t\t<\/div>\n\t\t\t\t<div class=\"elementor-element elementor-element-bd4d9b1 elementor-widget elementor-widget-heading\" data-id=\"bd4d9b1\" data-element_type=\"widget\" data-e-type=\"widget\" data-widget_type=\"heading.default\">\n\t\t\t\t<div class=\"elementor-widget-container\">\n\t\t\t\t\t<p class=\"elementor-heading-title elementor-size-default\"><p><p><p><p><p><p><p><p>R\u00e9servez votre s\u00e9jour maintenant<\/p><\/p><\/p><\/p><\/p><\/p><\/p><\/p><\/p>\t\t\t\t<\/div>\n\t\t\t\t<\/div>\n\t\t\t\t<div class=\"elementor-element elementor-element-553d088 elementor-widget elementor-widget-text-editor\" data-id=\"553d088\" data-element_type=\"widget\" data-e-type=\"widget\" data-widget_type=\"text-editor.default\">\n\t\t\t\t<div class=\"elementor-widget-container\">\n\t\t\t\t\t\t\t\t\t<p>V\u00e9rifier la disponibilit\u00e9 de nos <strong>chambres barcelone<\/strong> pour garantir votre place dans cette ville merveilleuse.<\/p>\t\t\t\t\t\t\t\t<\/div>\n\t\t\t\t<\/div>\n\t\t\t\t<div class=\"elementor-element elementor-element-1194217 elementor-align-center elementor-icon-list--layout-traditional elementor-list-item-link-full_width elementor-widget elementor-widget-icon-list\" data-id=\"1194217\" data-element_type=\"widget\" data-e-type=\"widget\" data-widget_type=\"icon-list.default\">\n\t\t\t\t<div class=\"elementor-widget-container\">\n\t\t\t\t\t\t\t<ul class=\"elementor-icon-list-items\">\n\t\t\t\t\t\t\t<li class=\"elementor-icon-list-item\">\n\t\t\t\t\t\t\t\t\t\t\t<a href=\"mailto:stayinbcn@gmail.com\">\n\n\t\t\t\t\t\t\t\t\t\t\t\t<span class=\"elementor-icon-list-icon\">\n\t\t\t\t\t\t\t<i aria-hidden=\"true\" class=\"fas fa-mail-bulk\"><\/i>\t\t\t\t\t\t<\/span>\n\t\t\t\t\t\t\t\t\t\t<span class=\"elementor-icon-list-text\">stayinbcn@gmail.com<\/span>\n\t\t\t\t\t\t\t\t\t\t\t<\/a>\n\t\t\t\t\t\t\t\t\t<\/li>\n\t\t\t\t\t\t<\/ul>\n\t\t\t\t\t\t<\/div>\n\t\t\t\t<\/div>\n\t\t\t\t<\/div>\n\t\t\t\t\t<\/div>\n\t\t\t\t<\/div>\n\t\t\t\t<\/div>","protected":false},"excerpt":{"rendered":"<p>Habitaciones en Barcelona Habitaciones&nbsp; en el Eixample&nbsp; Barcelona desde 70\u20ac\/noche. Ba\u00f1o privado, WiFi, cocina y sal\u00f3n compartidos incluidos. Estancias cortas con toda la comodidad de un apartamento privado en el centro de Barcelona. Habitaciones en eixample Barcelona: Disfruta de tu estancia Alquiler de Habitaciones en Barcelona Centro &#8211; Eixample \u00bfBuscas habitaciones en Barcelona con la [&hellip;]<\/p>\n","protected":false},"author":1,"featured_media":0,"parent":0,"menu_order":0,"comment_status":"open","ping_status":"closed","template":"elementor_header_footer","meta":{"footnotes":""},"class_list":["post-1549","page","type-page","status-publish","hentry"],"_links":{"self":[{"href":"https:\/\/stayinbcn.com\/fr\/wp-json\/wp\/v2\/pages\/1549","targetHints":{"allow":["GET"]}}],"collection":[{"href":"https:\/\/stayinbcn.com\/fr\/wp-json\/wp\/v2\/pages"}],"about":[{"href":"https:\/\/stayinbcn.com\/fr\/wp-json\/wp\/v2\/types\/page"}],"author":[{"embeddable":true,"href":"https:\/\/stayinbcn.com\/fr\/wp-json\/wp\/v2\/users\/1"}],"replies":[{"embeddable":true,"href":"https:\/\/stayinbcn.com\/fr\/wp-json\/wp\/v2\/comments?post=1549"}],"version-history":[{"count":21,"href":"https:\/\/stayinbcn.com\/fr\/wp-json\/wp\/v2\/pages\/1549\/revisions"}],"predecessor-version":[{"id":2541,"href":"https:\/\/stayinbcn.com\/fr\/wp-json\/wp\/v2\/pages\/1549\/revisions\/2541"}],"wp:attachment":[{"href":"https:\/\/stayinbcn.com\/fr\/wp-json\/wp\/v2\/media?parent=1549"}],"curies":[{"name":"wp","href":"https:\/\/api.w.org\/{rel}","templated":true}]}}