{"id":1717,"date":"2026-02-19T10:54:32","date_gmt":"2026-02-19T10:54:32","guid":{"rendered":"https:\/\/stayinbcn.com\/?page_id=1717"},"modified":"2026-02-28T20:56:51","modified_gmt":"2026-02-28T19:56:51","slug":"visitas-cercanas-al-visitar-barcelona","status":"publish","type":"page","link":"https:\/\/stayinbcn.com\/es_es\/visitas-cercanas-al-visitar-barcelona\/","title":{"rendered":"Visitas cercanas"},"content":{"rendered":"\t\t<div data-elementor-type=\"wp-page\" data-elementor-id=\"1717\" class=\"elementor elementor-1717\">\n\t\t\t\t<div class=\"elementor-element elementor-element-bb5ed2c e-flex e-con-boxed e-con e-parent\" data-id=\"bb5ed2c\" data-element_type=\"container\" data-e-type=\"container\">\n\t\t\t\t\t<div class=\"e-con-inner\">\n\t\t\t\t<div class=\"elementor-element elementor-element-70ba54c elementor-widget elementor-widget-text-editor\" data-id=\"70ba54c\" data-element_type=\"widget\" data-e-type=\"widget\" data-widget_type=\"text-editor.default\">\n\t\t\t\t<div class=\"elementor-widget-container\">\n\t\t\t\t\t\t\t\t\t<h3 data-path-to-node=\"2\"><span style=\"text-decoration: underline;\">La Sagrada Familia: El Sue\u00f1o Eterno de Gaud\u00ed<\/span><\/h3><p data-path-to-node=\"3\">Visitar Barcelona y no ver la <b data-path-to-node=\"3\" data-index-in-node=\"30\">Sagrada Familia<\/b> es como leer un libro al que le falta el cap\u00edtulo m\u00e1s importante. Esta obra maestra de <b data-path-to-node=\"3\" data-index-in-node=\"133\">Antoni Gaud\u00ed<\/b>, a\u00fan en construcci\u00f3n despu\u00e9s de m\u00e1s de un siglo, no es solo una bas\u00edlica; es un bosque de piedra donde la arquitectura y la naturaleza se funden en un abrazo eterno.<\/p><h3 data-path-to-node=\"4\">\u00bfPor qu\u00e9 es una visita imprescindible?<\/h3><ul data-path-to-node=\"5\"><li><p data-path-to-node=\"5,0,0\"><b data-path-to-node=\"5,0,0\" data-index-in-node=\"0\">Arquitectura Org\u00e1nica:<\/b> Olvida las l\u00edneas rectas. Gaud\u00ed se inspir\u00f3 en los \u00e1rboles y el esqueleto humano para crear columnas que parecen cobrar vida.<\/p><\/li><li><p data-path-to-node=\"5,1,0\"><b data-path-to-node=\"5,1,0\" data-index-in-node=\"0\">Un Juego de Luces:<\/b> Al entrar, las vidrieras ba\u00f1an el interior con una explosi\u00f3n de colores que cambian seg\u00fan la hora del d\u00eda, creando una atm\u00f3sfera casi m\u00e1gica.<\/p><\/li><li><p data-path-to-node=\"5,2,0\"><b data-path-to-node=\"5,2,0\" data-index-in-node=\"0\">Simbolismo en cada Rinc\u00f3n:<\/b> Desde la Fachada del Nacimiento hasta la de la Pasi\u00f3n, cada detalle narra una historia de fe, arte y superaci\u00f3n t\u00e9cnica.<\/p><\/li><\/ul><p data-path-to-node=\"7\">\u00a0<\/p>\t\t\t\t\t\t\t\t<\/div>\n\t\t\t\t<\/div>\n\t\t\t\t<div class=\"elementor-element elementor-element-65dbb3a elementor-widget elementor-widget-text-editor\" data-id=\"65dbb3a\" data-element_type=\"widget\" data-e-type=\"widget\" data-widget_type=\"text-editor.default\">\n\t\t\t\t<div class=\"elementor-widget-container\">\n\t\t\t\t\t\t\t\t\t<p>Cuando decides visitar Barcelona, tienes que planear bien tus d\u00edas para poder explorar todos sus rincones m\u00e1gicos.<\/p>\t\t\t\t\t\t\t\t<\/div>\n\t\t\t\t<\/div>\n\t\t\t\t\t<\/div>\n\t\t\t\t<\/div>\n\t\t<div class=\"elementor-element elementor-element-9224f28 e-flex e-con-boxed e-con e-parent\" data-id=\"9224f28\" data-element_type=\"container\" data-e-type=\"container\">\n\t\t\t\t\t<div class=\"e-con-inner\">\n\t\t\t\t<div class=\"elementor-element elementor-element-692df68 elementor-widget elementor-widget-image\" data-id=\"692df68\" data-element_type=\"widget\" data-e-type=\"widget\" data-widget_type=\"image.default\">\n\t\t\t\t<div class=\"elementor-widget-container\">\n\t\t\t\t\t\t\t\t\t\t\t\t\t\t\t<img fetchpriority=\"high\" decoding=\"async\" width=\"780\" height=\"523\" src=\"https:\/\/stayinbcn.com\/wp-content\/uploads\/2026\/02\/SagradaFamilia.avif\" class=\"attachment-large size-large wp-image-2243\" alt=\"Sagrada Familia\" srcset=\"https:\/\/stayinbcn.com\/wp-content\/uploads\/2026\/02\/SagradaFamilia.avif 902w, https:\/\/stayinbcn.com\/wp-content\/uploads\/2026\/02\/SagradaFamilia-300x201.avif 300w, https:\/\/stayinbcn.com\/wp-content\/uploads\/2026\/02\/SagradaFamilia-768x515.avif 768w, https:\/\/stayinbcn.com\/wp-content\/uploads\/2026\/02\/SagradaFamilia-18x12.avif 18w, https:\/\/stayinbcn.com\/wp-content\/uploads\/2026\/02\/SagradaFamilia-447x300.avif 447w\" sizes=\"(max-width: 780px) 100vw, 780px\" \/>\t\t\t\t\t\t\t\t\t\t\t\t\t\t\t<\/div>\n\t\t\t\t<\/div>\n\t\t\t\t\t<\/div>\n\t\t\t\t<\/div>\n\t\t<div class=\"elementor-element elementor-element-3eb3f5b e-flex e-con-boxed e-con e-parent\" data-id=\"3eb3f5b\" data-element_type=\"container\" data-e-type=\"container\">\n\t\t\t\t\t<div class=\"e-con-inner\">\n\t\t\t\t<div class=\"elementor-element elementor-element-948dac9 elementor-widget-divider--view-line elementor-widget elementor-widget-divider\" data-id=\"948dac9\" data-element_type=\"widget\" data-e-type=\"widget\" data-widget_type=\"divider.default\">\n\t\t\t\t<div class=\"elementor-widget-container\">\n\t\t\t\t\t\t\t<div class=\"elementor-divider\">\n\t\t\t<span class=\"elementor-divider-separator\">\n\t\t\t\t\t\t<\/span>\n\t\t<\/div>\n\t\t\t\t\t\t<\/div>\n\t\t\t\t<\/div>\n\t\t\t\t\t<\/div>\n\t\t\t\t<\/div>\n\t\t<div class=\"elementor-element elementor-element-7801914 e-flex e-con-boxed e-con e-parent\" data-id=\"7801914\" data-element_type=\"container\" data-e-type=\"container\">\n\t\t\t\t\t<div class=\"e-con-inner\">\n\t\t\t\t<div class=\"elementor-element elementor-element-4209e04 elementor-widget elementor-widget-text-editor\" data-id=\"4209e04\" data-element_type=\"widget\" data-e-type=\"widget\" data-widget_type=\"text-editor.default\">\n\t\t\t\t<div class=\"elementor-widget-container\">\n\t\t\t\t\t\t\t\t\t<h3 data-path-to-node=\"2\">La Pedrera: El Coraz\u00f3n de Piedra de Barcelona<\/h3><p data-path-to-node=\"3\">Conocida oficialmente como <b data-path-to-node=\"3\" data-index-in-node=\"27\">Casa Mil\u00e0<\/b>, pero apodada cari\u00f1osamente <b data-path-to-node=\"3\" data-index-in-node=\"65\">&#8220;La Pedrera&#8221;<\/b> por su aspecto de cantera abierta, esta joya del Paseo de Gracia es la culminaci\u00f3n del genio de Antoni Gaud\u00ed. Aqu\u00ed, la l\u00ednea recta no existe y la imaginaci\u00f3n no tiene l\u00edmites.<\/p><h3 data-path-to-node=\"4\">\u00bfQu\u00e9 la hace tan especial?<\/h3><ul data-path-to-node=\"5\"><li><p data-path-to-node=\"5,0,0\"><b data-path-to-node=\"5,0,0\" data-index-in-node=\"0\">Una Fachada en Movimiento:<\/b> Su exterior de piedra ondulada parece fluir como las olas del mar, rompiendo con la rigidez de los edificios vecinos.<\/p><\/li><li><p data-path-to-node=\"5,1,0\"><b data-path-to-node=\"5,1,0\" data-index-in-node=\"0\">El Techo de los Guerreros:<\/b> Su azotea es, probablemente, la m\u00e1s famosa del mundo. Sus chimeneas parecen guardianes petrificados en un paisaje lunar con vistas espectaculares a la ciudad.<\/p><\/li><li><p data-path-to-node=\"5,2,0\"><b data-path-to-node=\"5,2,0\" data-index-in-node=\"0\">Innovaci\u00f3n Total:<\/b> Fue un edificio revolucionario para su \u00e9poca (1906), con un garaje subterr\u00e1neo y una estructura de columnas que eliminaba la necesidad de muros de carga.<\/p><\/li><\/ul><h3 data-path-to-node=\"6\">Mucho m\u00e1s que un Museo<\/h3><p data-path-to-node=\"7\">Pasear por sus patios interiores y recorrer el piso de \u00e9poca te transporta a la burgues\u00eda barcelonesa de principios del siglo XX. La Pedrera no es solo un edificio; es una escultura habitable que demuestra que, para Gaud\u00ed, <b data-path-to-node=\"7\" data-index-in-node=\"223\">la arquitectura era puro arte.<\/b><\/p>\t\t\t\t\t\t\t\t<\/div>\n\t\t\t\t<\/div>\n\t\t\t\t<div class=\"elementor-element elementor-element-a1c3d1d elementor-widget elementor-widget-text-editor\" data-id=\"a1c3d1d\" data-element_type=\"widget\" data-e-type=\"widget\" data-widget_type=\"text-editor.default\">\n\t\t\t\t<div class=\"elementor-widget-container\">\n\t\t\t\t\t\t\t\t\t<p>Los que sue\u00f1an con visitar Barcelona encontrar\u00e1n aqu\u00ed un destino lleno de encanto y maravillas.<\/p>\t\t\t\t\t\t\t\t<\/div>\n\t\t\t\t<\/div>\n\t\t\t\t<div class=\"elementor-element elementor-element-0e22b75 elementor-widget elementor-widget-text-editor\" data-id=\"0e22b75\" data-element_type=\"widget\" data-e-type=\"widget\" data-widget_type=\"text-editor.default\">\n\t\t\t\t<div class=\"elementor-widget-container\">\n\t\t\t\t\t\t\t\t\t<p>Si te gustar\u00eda visitar Barcelona, aseg\u00farate de comprar tus boletos con anticipaci\u00f3n.<\/p>\t\t\t\t\t\t\t\t<\/div>\n\t\t\t\t<\/div>\n\t\t\t\t<div class=\"elementor-element elementor-element-0f27e66 elementor-widget elementor-widget-text-editor\" data-id=\"0f27e66\" data-element_type=\"widget\" data-e-type=\"widget\" data-widget_type=\"text-editor.default\">\n\t\t\t\t<div class=\"elementor-widget-container\">\n\t\t\t\t\t\t\t\t\t<p>Visitar Barcelona es una experiencia que se complementa con la rica gastronom\u00eda y la cultura vibrante de la ciudad.<\/p>\t\t\t\t\t\t\t\t<\/div>\n\t\t\t\t<\/div>\n\t\t\t\t\t<\/div>\n\t\t\t\t<\/div>\n\t\t<div class=\"elementor-element elementor-element-ccc4209 e-flex e-con-boxed e-con e-parent\" data-id=\"ccc4209\" data-element_type=\"container\" data-e-type=\"container\">\n\t\t\t\t\t<div class=\"e-con-inner\">\n\t\t\t\t<div class=\"elementor-element elementor-element-d3db6bb elementor-widget-divider--view-line elementor-widget elementor-widget-divider\" data-id=\"d3db6bb\" data-element_type=\"widget\" data-e-type=\"widget\" data-widget_type=\"divider.default\">\n\t\t\t\t<div class=\"elementor-widget-container\">\n\t\t\t\t\t\t\t<div class=\"elementor-divider\">\n\t\t\t<span class=\"elementor-divider-separator\">\n\t\t\t\t\t\t<\/span>\n\t\t<\/div>\n\t\t\t\t\t\t<\/div>\n\t\t\t\t<\/div>\n\t\t\t\t\t<\/div>\n\t\t\t\t<\/div>\n\t\t<div class=\"elementor-element elementor-element-ed97f1e e-flex e-con-boxed e-con e-parent\" data-id=\"ed97f1e\" data-element_type=\"container\" data-e-type=\"container\">\n\t\t\t\t\t<div class=\"e-con-inner\">\n\t\t\t\t<div class=\"elementor-element elementor-element-81029eb elementor-widget elementor-widget-image\" data-id=\"81029eb\" data-element_type=\"widget\" data-e-type=\"widget\" data-widget_type=\"image.default\">\n\t\t\t\t<div class=\"elementor-widget-container\">\n\t\t\t\t\t\t\t\t\t\t\t\t\t\t\t<img decoding=\"async\" width=\"780\" height=\"608\" src=\"https:\/\/stayinbcn.com\/wp-content\/uploads\/2026\/02\/Lapedrera.avif\" class=\"attachment-large size-large wp-image-2260\" alt=\"La pedrera\" srcset=\"https:\/\/stayinbcn.com\/wp-content\/uploads\/2026\/02\/Lapedrera.avif 905w, https:\/\/stayinbcn.com\/wp-content\/uploads\/2026\/02\/Lapedrera-300x234.avif 300w, https:\/\/stayinbcn.com\/wp-content\/uploads\/2026\/02\/Lapedrera-768x598.avif 768w, https:\/\/stayinbcn.com\/wp-content\/uploads\/2026\/02\/Lapedrera-15x12.avif 15w, https:\/\/stayinbcn.com\/wp-content\/uploads\/2026\/02\/Lapedrera-385x300.avif 385w\" sizes=\"(max-width: 780px) 100vw, 780px\" \/>\t\t\t\t\t\t\t\t\t\t\t\t\t\t\t<\/div>\n\t\t\t\t<\/div>\n\t\t\t\t\t<\/div>\n\t\t\t\t<\/div>\n\t\t<div class=\"elementor-element elementor-element-369b5ad e-flex e-con-boxed e-con e-parent\" data-id=\"369b5ad\" data-element_type=\"container\" data-e-type=\"container\">\n\t\t\t\t\t<div class=\"e-con-inner\">\n\t\t\t\t<div class=\"elementor-element elementor-element-cb25fc0 elementor-widget elementor-widget-text-editor\" data-id=\"cb25fc0\" data-element_type=\"widget\" data-e-type=\"widget\" data-widget_type=\"text-editor.default\">\n\t\t\t\t<div class=\"elementor-widget-container\">\n\t\t\t\t\t\t\t\t\t<h3 data-path-to-node=\"2\"><span style=\"text-decoration: underline;\">Casa Batll\u00f3: El Despertar de la Imaginaci\u00f3n<\/span><\/h3><p data-path-to-node=\"3\">Si La Pedrera es piedra y fuerza, la <b data-path-to-node=\"3\" data-index-in-node=\"37\">Casa Batll\u00f3<\/b> es color, luz y fantas\u00eda pura. Ubicada en la famosa &#8220;Manzana de la Discordia&#8221;, esta fachada no deja indiferente a nadie: parece sacada de un cuento de hadas o de las profundidades del oc\u00e9ano.<\/p><h3 data-path-to-node=\"4\">Un viaje a un mundo de fantas\u00eda<\/h3><ul data-path-to-node=\"5\"><li><p data-path-to-node=\"5,0,0\"><b data-path-to-node=\"5,0,0\" data-index-in-node=\"0\">La Leyenda de Sant Jordi:<\/b> Muchos ven en su tejado el lomo de un <b data-path-to-node=\"5,0,0\" data-index-in-node=\"64\">drag\u00f3n<\/b> cubierto de escamas cer\u00e1micas, donde la cruz de cuatro brazos representa la espada clavada del caballero.<\/p><\/li><li><p data-path-to-node=\"5,1,0\"><b data-path-to-node=\"5,1,0\" data-index-in-node=\"0\">Arquitectura \u00d3sea:<\/b> F\u00edjate en sus balcones y columnas; su forma de antifaces y huesos le vali\u00f3 el nombre popular de <i data-path-to-node=\"5,1,0\" data-index-in-node=\"115\">&#8220;la casa de los huesos&#8221;<\/i>.<\/p><\/li><li><p data-path-to-node=\"5,2,0\"><b data-path-to-node=\"5,2,0\" data-index-in-node=\"0\">El Patio de Luces Azul:<\/b> Un degradado de azulejos azules que busca distribuir la luz de forma perfecta, d\u00e1ndote la sensaci\u00f3n de estar sumergido en una burbuja de cristal.<\/p><\/li><\/ul><h3 data-path-to-node=\"6\">Una Experiencia Inmersiva<\/h3><p data-path-to-node=\"7\">Hoy en d\u00eda, la Casa Batll\u00f3 es famosa por combinar la arquitectura hist\u00f3rica con la tecnolog\u00eda m\u00e1s avanzada (IA y realidad aumentada), convirtiendo la visita en un viaje sensorial que conecta la mente de Gaud\u00ed con el siglo XXI.<\/p>\t\t\t\t\t\t\t\t<\/div>\n\t\t\t\t<\/div>\n\t\t\t\t<div class=\"elementor-element elementor-element-92e080e elementor-widget elementor-widget-text-editor\" data-id=\"92e080e\" data-element_type=\"widget\" data-e-type=\"widget\" data-widget_type=\"text-editor.default\">\n\t\t\t\t<div class=\"elementor-widget-container\">\n\t\t\t\t\t\t\t\t\t<p>Cuando decidas visitar Barcelona, cada esquina te contar\u00e1 una historia diferente.<\/p>\t\t\t\t\t\t\t\t<\/div>\n\t\t\t\t<\/div>\n\t\t\t\t<div class=\"elementor-element elementor-element-d808d9b elementor-widget elementor-widget-text-editor\" data-id=\"d808d9b\" data-element_type=\"widget\" data-e-type=\"widget\" data-widget_type=\"text-editor.default\">\n\t\t\t\t<div class=\"elementor-widget-container\">\n\t\t\t\t\t\t\t\t\t<p>Es fundamental planear tu visita, ya que hay tanto que ver al visitar Barcelona.<\/p>\t\t\t\t\t\t\t\t<\/div>\n\t\t\t\t<\/div>\n\t\t\t\t<div class=\"elementor-element elementor-element-a239b20 elementor-widget elementor-widget-text-editor\" data-id=\"a239b20\" data-element_type=\"widget\" data-e-type=\"widget\" data-widget_type=\"text-editor.default\">\n\t\t\t\t<div class=\"elementor-widget-container\">\n\t\t\t\t\t\t\t\t\t<p>Un consejo para quienes quieren visitar Barcelona: no olviden llevar su c\u00e1mara para capturar cada detalle.<\/p>\t\t\t\t\t\t\t\t<\/div>\n\t\t\t\t<\/div>\n\t\t\t\t\t<\/div>\n\t\t\t\t<\/div>\n\t\t<div class=\"elementor-element elementor-element-de4e3bf e-flex e-con-boxed e-con e-parent\" data-id=\"de4e3bf\" data-element_type=\"container\" data-e-type=\"container\">\n\t\t\t\t\t<div class=\"e-con-inner\">\n\t\t\t\t<div class=\"elementor-element elementor-element-297f239 elementor-widget elementor-widget-image\" data-id=\"297f239\" data-element_type=\"widget\" data-e-type=\"widget\" data-widget_type=\"image.default\">\n\t\t\t\t<div class=\"elementor-widget-container\">\n\t\t\t\t\t\t\t\t\t\t\t\t\t\t\t<img decoding=\"async\" width=\"780\" height=\"585\" src=\"https:\/\/stayinbcn.com\/wp-content\/uploads\/2026\/02\/Casa-Battlo-with-Lights.avif\" class=\"attachment-large size-large wp-image-2266\" alt=\"Visitar Barcelona\" srcset=\"https:\/\/stayinbcn.com\/wp-content\/uploads\/2026\/02\/Casa-Battlo-with-Lights.avif 800w, https:\/\/stayinbcn.com\/wp-content\/uploads\/2026\/02\/Casa-Battlo-with-Lights-300x225.avif 300w, https:\/\/stayinbcn.com\/wp-content\/uploads\/2026\/02\/Casa-Battlo-with-Lights-768x576.avif 768w, https:\/\/stayinbcn.com\/wp-content\/uploads\/2026\/02\/Casa-Battlo-with-Lights-16x12.avif 16w, https:\/\/stayinbcn.com\/wp-content\/uploads\/2026\/02\/Casa-Battlo-with-Lights-400x300.avif 400w\" sizes=\"(max-width: 780px) 100vw, 780px\" \/>\t\t\t\t\t\t\t\t\t\t\t\t\t\t\t<\/div>\n\t\t\t\t<\/div>\n\t\t\t\t\t<\/div>\n\t\t\t\t<\/div>\n\t\t<div class=\"elementor-element elementor-element-8225a56 e-flex e-con-boxed e-con e-parent\" data-id=\"8225a56\" data-element_type=\"container\" data-e-type=\"container\">\n\t\t\t\t\t<div class=\"e-con-inner\">\n\t\t\t\t<div class=\"elementor-element elementor-element-9073605 elementor-widget-divider--view-line elementor-widget elementor-widget-divider\" data-id=\"9073605\" data-element_type=\"widget\" data-e-type=\"widget\" data-widget_type=\"divider.default\">\n\t\t\t\t<div class=\"elementor-widget-container\">\n\t\t\t\t\t\t\t<div class=\"elementor-divider\">\n\t\t\t<span class=\"elementor-divider-separator\">\n\t\t\t\t\t\t<\/span>\n\t\t<\/div>\n\t\t\t\t\t\t<\/div>\n\t\t\t\t<\/div>\n\t\t\t\t\t<\/div>\n\t\t\t\t<\/div>\n\t\t<div class=\"elementor-element elementor-element-d8eae9e e-flex e-con-boxed e-con e-parent\" data-id=\"d8eae9e\" data-element_type=\"container\" data-e-type=\"container\">\n\t\t\t\t\t<div class=\"e-con-inner\">\n\t\t\t\t<div class=\"elementor-element elementor-element-3ace097 elementor-widget elementor-widget-text-editor\" data-id=\"3ace097\" data-element_type=\"widget\" data-e-type=\"widget\" data-widget_type=\"text-editor.default\">\n\t\t\t\t<div class=\"elementor-widget-container\">\n\t\t\t\t\t\t\t\t\t<h3 data-path-to-node=\"3\">Park G\u00fcell: Un Balc\u00f3n al Mediterr\u00e1neo<\/h3><p data-path-to-node=\"4\">Lo que comenz\u00f3 como un proyecto de urbanizaci\u00f3n de lujo termin\u00f3 convirti\u00e9ndose en el parque m\u00e1s ic\u00f3nico de Barcelona. El <b data-path-to-node=\"4\" data-index-in-node=\"121\">Park G\u00fcell<\/b> es el lugar donde Gaud\u00ed demostr\u00f3 que la arquitectura no tiene por qu\u00e9 dominar el paisaje, sino que puede bailar con \u00e9l.<\/p><h3 data-path-to-node=\"5\">\u00bfQu\u00e9 ver en este oasis modernista?<\/h3><ul data-path-to-node=\"6\"><li><p data-path-to-node=\"6,0,0\"><b data-path-to-node=\"6,0,0\" data-index-in-node=\"0\">La Escalinata del Drag\u00f3n:<\/b> Te recibir\u00e1 la famosa salamandra de mosaico (<i data-path-to-node=\"6,0,0\" data-index-in-node=\"71\">trencad\u00eds<\/i>), convertida hoy en el s\u00edmbolo m\u00e1s fotografiado de la ciudad.<\/p><\/li><li><p data-path-to-node=\"6,1,0\"><b data-path-to-node=\"6,1,0\" data-index-in-node=\"0\">La Sala Hip\u00f3stila:<\/b> Un &#8220;bosque&#8221; de 86 columnas d\u00f3ricas que sostienen la gran plaza superior y que originalmente iba a ser el mercado de la urbanizaci\u00f3n.<\/p><\/li><li><p data-path-to-node=\"6,2,0\"><b data-path-to-node=\"6,2,0\" data-index-in-node=\"0\">La Plaza de la Naturaleza:<\/b> Su banco ondulado de colores es el lugar perfecto para sentarse y disfrutar de una de las mejores vistas panor\u00e1micas de Barcelona con el mar de fondo.<\/p><\/li><li><p data-path-to-node=\"6,3,0\"><b data-path-to-node=\"6,3,0\" data-index-in-node=\"0\">Senderos y Viaductos:<\/b> Caminos que parecen brotar de la monta\u00f1a, dise\u00f1ados para integrarse perfectamente con la vegetaci\u00f3n local.<\/p><\/li><\/ul><h3 data-path-to-node=\"7\">Una Explosi\u00f3n de Color<\/h3><p data-path-to-node=\"8\">El Park G\u00fcell es el m\u00e1ximo exponente de la t\u00e9cnica del <b data-path-to-node=\"8\" data-index-in-node=\"55\">trencad\u00eds<\/b>: el uso de trozos de cer\u00e1mica reciclada para crear mosaicos vibrantes. Es un paseo lleno de curvas, cuevas artificiales y detalles que te hacen sentir dentro de una ilustraci\u00f3n de principios del siglo XX.<\/p>\t\t\t\t\t\t\t\t<\/div>\n\t\t\t\t<\/div>\n\t\t\t\t<div class=\"elementor-element elementor-element-6f2bc54 elementor-widget elementor-widget-text-editor\" data-id=\"6f2bc54\" data-element_type=\"widget\" data-e-type=\"widget\" data-widget_type=\"text-editor.default\">\n\t\t\t\t<div class=\"elementor-widget-container\">\n\t\t\t\t\t\t\t\t\t<p>Despu\u00e9s de visitar Barcelona, regresar\u00e1s a casa con recuerdos inolvidables.<\/p>\t\t\t\t\t\t\t\t<\/div>\n\t\t\t\t<\/div>\n\t\t\t\t<div class=\"elementor-element elementor-element-06c0c6e elementor-widget elementor-widget-text-editor\" data-id=\"06c0c6e\" data-element_type=\"widget\" data-e-type=\"widget\" data-widget_type=\"text-editor.default\">\n\t\t\t\t<div class=\"elementor-widget-container\">\n\t\t\t\t\t\t\t\t\t<p>Si decides visitar Barcelona, aseg\u00farate de visitar tambi\u00e9n el mercado de la Boquer\u00eda para degustar productos locales.<\/p>\t\t\t\t\t\t\t\t<\/div>\n\t\t\t\t<\/div>\n\t\t\t\t\t<\/div>\n\t\t\t\t<\/div>\n\t\t<div class=\"elementor-element elementor-element-a557757 e-flex e-con-boxed e-con e-parent\" data-id=\"a557757\" data-element_type=\"container\" data-e-type=\"container\">\n\t\t\t\t\t<div class=\"e-con-inner\">\n\t\t\t\t<div class=\"elementor-element elementor-element-7748dc1 elementor-widget elementor-widget-image\" data-id=\"7748dc1\" data-element_type=\"widget\" data-e-type=\"widget\" data-widget_type=\"image.default\">\n\t\t\t\t<div class=\"elementor-widget-container\">\n\t\t\t\t\t\t\t\t\t\t\t\t\t\t\t<img loading=\"lazy\" decoding=\"async\" width=\"780\" height=\"439\" src=\"https:\/\/stayinbcn.com\/wp-content\/uploads\/2026\/02\/ParcGuell-1024x576.avif\" class=\"attachment-large size-large wp-image-2270\" alt=\"Parc guell\" srcset=\"https:\/\/stayinbcn.com\/wp-content\/uploads\/2026\/02\/ParcGuell-1024x576.avif 1024w, https:\/\/stayinbcn.com\/wp-content\/uploads\/2026\/02\/ParcGuell-300x169.avif 300w, https:\/\/stayinbcn.com\/wp-content\/uploads\/2026\/02\/ParcGuell-768x432.avif 768w, https:\/\/stayinbcn.com\/wp-content\/uploads\/2026\/02\/ParcGuell-18x10.avif 18w, https:\/\/stayinbcn.com\/wp-content\/uploads\/2026\/02\/ParcGuell-500x281.avif 500w, https:\/\/stayinbcn.com\/wp-content\/uploads\/2026\/02\/ParcGuell.avif 1222w\" sizes=\"(max-width: 780px) 100vw, 780px\" \/>\t\t\t\t\t\t\t\t\t\t\t\t\t\t\t<\/div>\n\t\t\t\t<\/div>\n\t\t\t\t\t<\/div>\n\t\t\t\t<\/div>\n\t\t<div class=\"elementor-element elementor-element-f23a58b e-flex e-con-boxed e-con e-parent\" data-id=\"f23a58b\" data-element_type=\"container\" data-e-type=\"container\">\n\t\t\t\t\t<div class=\"e-con-inner\">\n\t\t\t\t<div class=\"elementor-element elementor-element-463dd35 elementor-widget-divider--view-line elementor-widget elementor-widget-divider\" data-id=\"463dd35\" data-element_type=\"widget\" data-e-type=\"widget\" data-widget_type=\"divider.default\">\n\t\t\t\t<div class=\"elementor-widget-container\">\n\t\t\t\t\t\t\t<div class=\"elementor-divider\">\n\t\t\t<span class=\"elementor-divider-separator\">\n\t\t\t\t\t\t<\/span>\n\t\t<\/div>\n\t\t\t\t\t\t<\/div>\n\t\t\t\t<\/div>\n\t\t\t\t\t<\/div>\n\t\t\t\t<\/div>\n\t\t<div class=\"elementor-element elementor-element-e562ddf e-flex e-con-boxed e-con e-parent\" data-id=\"e562ddf\" data-element_type=\"container\" data-e-type=\"container\">\n\t\t\t\t\t<div class=\"e-con-inner\">\n\t\t\t\t<div class=\"elementor-element elementor-element-6229e19 elementor-widget elementor-widget-text-editor\" data-id=\"6229e19\" data-element_type=\"widget\" data-e-type=\"widget\" data-widget_type=\"text-editor.default\">\n\t\t\t\t<div class=\"elementor-widget-container\">\n\t\t\t\t\t\t\t\t\t<h3 data-path-to-node=\"3\">El Mercado de la Boqueria: Un Fest\u00edn para los Sentidos<\/h3><p data-path-to-node=\"4\">Si Las Ramblas son las venas de Barcelona, el <b data-path-to-node=\"4\" data-index-in-node=\"46\">Mercado de San Jos\u00e9<\/b>, mundialmente conocido como <b data-path-to-node=\"4\" data-index-in-node=\"94\">La Boqueria<\/b>, es su coraz\u00f3n. No es solo un mercado de abastos; es un templo gastron\u00f3mico donde el color de la fruta fresca y el bullicio de los puestos crean una experiencia hipn\u00f3tica.<\/p><h3 data-path-to-node=\"5\">\u00bfQu\u00e9 te espera tras su arco de hierro?<\/h3><ul data-path-to-node=\"6\"><li><p data-path-to-node=\"6,0,0\"><b data-path-to-node=\"6,0,0\" data-index-in-node=\"0\">Explosi\u00f3n de Color:<\/b> Desde pir\u00e1mides de frutas ex\u00f3ticas y zumos naturales hasta los mejores cortes de jam\u00f3n ib\u00e9rico y marisco vivo del Mediterr\u00e1neo.<\/p><\/li><li><p data-path-to-node=\"6,1,0\"><b data-path-to-node=\"6,1,0\" data-index-in-node=\"0\">Gastronom\u00eda al Momento:<\/b> Sus famosos puestos de comida (como el m\u00edtico <i data-path-to-node=\"6,1,0\" data-index-in-node=\"70\">El Quim de la Boqueria<\/i> o <i data-path-to-node=\"6,1,0\" data-index-in-node=\"95\">Pinotxo Bar<\/i>) ofrecen tapas elaboradas con el producto m\u00e1s fresco que puedas imaginar.<\/p><\/li><li><p data-path-to-node=\"6,2,0\"><b data-path-to-node=\"6,2,0\" data-index-in-node=\"0\">Historia Viva:<\/b> Aunque su estructura de hierro actual es de 1914, la actividad comercial en este punto de la ciudad se remonta al siglo XIII.<\/p><\/li><\/ul><h3 data-path-to-node=\"7\">Mucho m\u00e1s que Compras<\/h3><p data-path-to-node=\"8\">La Boqueria es el lugar donde los chefs con estrellas Michelin compran junto a los vecinos del barrio. Es un laberinto de sensaciones donde puedes desayunar unos huevos fritos con chipirones mientras ves pasar el mundo entero ante tus ojos.<\/p><hr data-path-to-node=\"9\" \/><blockquote data-path-to-node=\"10\"><p data-path-to-node=\"10,0\"><b data-path-to-node=\"10,0\" data-index-in-node=\"0\">Consejo de experto:<\/b> Intenta ir temprano en la ma\u00f1ana para evitar las grandes aglomeraciones de turistas y ver el mercado en su estado m\u00e1s aut\u00e9ntico. \u00a1Y no olvides llevar efectivo para los puestos m\u00e1s tradicionales!<\/p><\/blockquote>\t\t\t\t\t\t\t\t<\/div>\n\t\t\t\t<\/div>\n\t\t\t\t\t<\/div>\n\t\t\t\t<\/div>\n\t\t<div class=\"elementor-element elementor-element-334389c e-flex e-con-boxed e-con e-parent\" data-id=\"334389c\" data-element_type=\"container\" data-e-type=\"container\">\n\t\t\t\t\t<div class=\"e-con-inner\">\n\t\t\t\t<div class=\"elementor-element elementor-element-847f611 elementor-widget elementor-widget-image\" data-id=\"847f611\" data-element_type=\"widget\" data-e-type=\"widget\" data-widget_type=\"image.default\">\n\t\t\t\t<div class=\"elementor-widget-container\">\n\t\t\t\t\t\t\t\t\t\t\t\t\t\t\t<img loading=\"lazy\" decoding=\"async\" width=\"780\" height=\"426\" src=\"https:\/\/stayinbcn.com\/wp-content\/uploads\/2026\/02\/LAboqueria-1024x559.avif\" class=\"attachment-large size-large wp-image-2308\" alt=\"La boqueria\" srcset=\"https:\/\/stayinbcn.com\/wp-content\/uploads\/2026\/02\/LAboqueria-1024x559.avif 1024w, https:\/\/stayinbcn.com\/wp-content\/uploads\/2026\/02\/LAboqueria-300x164.avif 300w, https:\/\/stayinbcn.com\/wp-content\/uploads\/2026\/02\/LAboqueria-768x419.avif 768w, https:\/\/stayinbcn.com\/wp-content\/uploads\/2026\/02\/LAboqueria-18x10.avif 18w, https:\/\/stayinbcn.com\/wp-content\/uploads\/2026\/02\/LAboqueria-500x273.avif 500w, https:\/\/stayinbcn.com\/wp-content\/uploads\/2026\/02\/LAboqueria.avif 1408w\" sizes=\"(max-width: 780px) 100vw, 780px\" \/>\t\t\t\t\t\t\t\t\t\t\t\t\t\t\t<\/div>\n\t\t\t\t<\/div>\n\t\t\t\t\t<\/div>\n\t\t\t\t<\/div>\n\t\t<div class=\"elementor-element elementor-element-8d1fcc2 e-flex e-con-boxed e-con e-parent\" data-id=\"8d1fcc2\" data-element_type=\"container\" data-e-type=\"container\">\n\t\t\t\t\t<div class=\"e-con-inner\">\n\t\t\t\t<div class=\"elementor-element elementor-element-3d39fb9 elementor-align-center elementor-widget elementor-widget-button\" data-id=\"3d39fb9\" data-element_type=\"widget\" data-e-type=\"widget\" data-widget_type=\"button.default\">\n\t\t\t\t<div class=\"elementor-widget-container\">\n\t\t\t\t\t\t\t\t\t<div class=\"elementor-button-wrapper\">\n\t\t\t\t\t<a class=\"elementor-button elementor-button-link elementor-size-sm\" href=\"https:\/\/stayinbcn.com\/\">\n\t\t\t\t\t\t<span class=\"elementor-button-content-wrapper\">\n\t\t\t\t\t\t\t\t\t<span class=\"elementor-button-text\">INICIO<\/span>\n\t\t\t\t\t<\/span>\n\t\t\t\t\t<\/a>\n\t\t\t\t<\/div>\n\t\t\t\t\t\t\t\t<\/div>\n\t\t\t\t<\/div>\n\t\t\t\t\t<\/div>\n\t\t\t\t<\/div>\n\t\t<div class=\"elementor-element elementor-element-34e6af9 e-flex e-con-boxed e-con e-parent\" data-id=\"34e6af9\" data-element_type=\"container\" data-e-type=\"container\">\n\t\t\t\t\t<div class=\"e-con-inner\">\n\t\t\t\t<div class=\"elementor-element elementor-element-6598f1e elementor-widget elementor-widget-heading\" data-id=\"6598f1e\" data-element_type=\"widget\" data-e-type=\"widget\" data-widget_type=\"heading.default\">\n\t\t\t\t<div class=\"elementor-widget-container\">\n\t\t\t\t\t<h2 class=\"elementor-heading-title elementor-size-default\"><a href=\"https:\/\/www.barcelonaturisme.com\/wv3\/es\/\" target=\"_blank\" rel=\"noopener\">Barcelona Turismo<\/a><\/h2>\t\t\t\t<\/div>\n\t\t\t\t<\/div>\n\t\t\t\t\t<\/div>\n\t\t\t\t<\/div>\n\t\t<div class=\"elementor-element elementor-element-1d5ee74 e-flex e-con-boxed e-con e-parent\" data-id=\"1d5ee74\" data-element_type=\"container\" data-e-type=\"container\">\n\t\t\t\t\t<div class=\"e-con-inner\">\n\t\t\t\t\t<\/div>\n\t\t\t\t<\/div>\n\t\t\t\t<\/div>\n\t\t","protected":false},"excerpt":{"rendered":"<p>La Sagrada Familia: El Sue\u00f1o Eterno de Gaud\u00ed Visitar Barcelona y no ver la Sagrada Familia es como leer un libro al que le falta el cap\u00edtulo m\u00e1s importante. Esta obra maestra de Antoni Gaud\u00ed, a\u00fan en construcci\u00f3n despu\u00e9s de m\u00e1s de un siglo, no es solo una bas\u00edlica; es un bosque de piedra donde [&hellip;]<\/p>\n","protected":false},"author":1,"featured_media":0,"parent":0,"menu_order":0,"comment_status":"closed","ping_status":"closed","template":"","meta":{"footnotes":""},"class_list":["post-1717","page","type-page","status-publish","hentry"],"_links":{"self":[{"href":"https:\/\/stayinbcn.com\/es_es\/wp-json\/wp\/v2\/pages\/1717","targetHints":{"allow":["GET"]}}],"collection":[{"href":"https:\/\/stayinbcn.com\/es_es\/wp-json\/wp\/v2\/pages"}],"about":[{"href":"https:\/\/stayinbcn.com\/es_es\/wp-json\/wp\/v2\/types\/page"}],"author":[{"embeddable":true,"href":"https:\/\/stayinbcn.com\/es_es\/wp-json\/wp\/v2\/users\/1"}],"replies":[{"embeddable":true,"href":"https:\/\/stayinbcn.com\/es_es\/wp-json\/wp\/v2\/comments?post=1717"}],"version-history":[{"count":0,"href":"https:\/\/stayinbcn.com\/es_es\/wp-json\/wp\/v2\/pages\/1717\/revisions"}],"wp:attachment":[{"href":"https:\/\/stayinbcn.com\/es_es\/wp-json\/wp\/v2\/media?parent=1717"}],"curies":[{"name":"wp","href":"https:\/\/api.w.org\/{rel}","templated":true}]}}